{"id":648,"date":"2018-07-02T10:33:50","date_gmt":"2018-07-02T09:33:50","guid":{"rendered":"https:\/\/concentre.cat\/politica-de-privacidad\/"},"modified":"2018-07-02T11:09:03","modified_gmt":"2018-07-02T10:09:03","slug":"politica-de-privacidad","status":"publish","type":"page","link":"https:\/\/concentre.cat\/es\/politica-de-privacidad\/","title":{"rendered":"Politica de privacidad"},"content":{"rendered":"<div class=\"wpb-content-wrapper\"><p>[vc_row][vc_column][vc_empty_space height=\u00bb50px\u00bb][vc_column_text]<\/p>\n<h1 style=\"text-align: left;\"><span style=\"color: #ae1b34;\"><u>Politica<\/u><\/span><br \/>\n<span style=\"color: #ae1b34;\"><u>de privacidad<\/u><\/span><\/h1>\n<p>[\/vc_column_text][vc_empty_space height=\u00bb50px\u00bb][\/vc_column][\/vc_row][vc_row][vc_column width=\u00bb1\/3&#8243;][\/vc_column][vc_column width=\u00bb2\/3&#8243;][vc_column_text]<span class=\"s1\"><b>\u00bfQui\u00e9n es el Responsable del tratamiento de sus datos?<\/b><\/span><\/p>\n<p class=\"p3\"><span class=\"s1\">Identidad: AREAS INDUSTRIALES S.L.<\/span><\/p>\n<p class=\"p3\"><span class=\"s1\">CIF: B58192519<\/span><\/p>\n<p class=\"p3\"><span class=\"s1\">Dir. Postal:<span class=\"Apple-converted-space\">\u00a0 <\/span>Ctra. C-17 Km. 27 (Centre Comercial Sant Jordi) 08480 L\u2019Ametlla del Vall\u00e9s<\/span><\/p>\n<p class=\"p3\"><span class=\"s1\">Tel\u00e9fono: 93 843 04 00<\/span><\/p>\n<p class=\"p3\"><span class=\"s1\">E-Mail: info@concentre.cat <\/span><\/p>\n<p class=\"p3\"><span class=\"s1\"><b>\u00bfCon qu\u00e9 finalidad tratamos sus datos personales?<\/b><\/span><\/p>\n<p class=\"p6\"><span class=\"s1\">En AREAS INDUSRIALES SL tratamos sus datos con la finalidad principal de mantener nuestra agenda de contactos,<\/span><\/p>\n<p class=\"p8\"><span class=\"s1\">a) Como persona de contacto para mantener relaciones con la entidad jur\u00eddica u organizaci\u00f3n en la que usted presta sus servicios<\/span><\/p>\n<p class=\"p8\"><span class=\"s1\">b) Como interesado que se ha puesto en contacto con nosotros consult\u00e1ndonos o solicit\u00e1ndonos alguna informaci\u00f3n, para poder atenderle.<\/span><\/p>\n<p class=\"p9\"><span class=\"s1\">c) Como persona de contacto para mantener relaciones directamente<\/span><\/p>\n<p class=\"p8\"><span class=\"s1\">Como finalidad adicional, en caso de que se le hubiera solicitado autorizaci\u00f3n y nos la hubiera concedido, trataremos sus datos para el env\u00edo de comunicaciones comerciales.<\/span><\/p>\n<p class=\"p8\"><span class=\"s1\"><b>\u00bfPor cu\u00e1nto tiempo conservaremos sus datos?<\/b><\/span><\/p>\n<p class=\"p6\"><span class=\"s1\">Los datos personales proporcionados se conservar\u00e1n en la finalidad principal:<\/span><\/p>\n<p class=\"p8\"><span class=\"s1\">a) En caso de tratarse de una persona de contacto para mantener relaciones con la entidad jur\u00eddica u organizaci\u00f3n en la que usted presta sus servicios, o bien directamente, se conservar\u00e1n mientras se mantenga nuestra relaci\u00f3n con dicha entidad jur\u00eddica u organizaci\u00f3n, y a salvo los plazos legales por las responsabilidades legales que pudieran derivarse de la relaci\u00f3n con la entidad jur\u00eddica u organizaci\u00f3n.<\/span><\/p>\n<p class=\"p8\"><span class=\"s1\">b) En caso de interesado puesto en contacto con nosotros, hasta 6 meses despu\u00e9s de atender su requerimiento, por si se produjeran por su parte comunicaciones posteriores en referencia a dicha consulta o requerimiento de informaci\u00f3n.<\/span><\/p>\n<p class=\"p8\"><span class=\"s1\">c) En caso de persona de contacto para mantener relaciones directamente, se conservar\u00e1n en tanto se mantenga la relaci\u00f3n y a salvo los plazos legales de conservaci\u00f3n. <\/span><\/p>\n<p class=\"p6\"><span class=\"s1\">En la finalidad adicional de env\u00edo de comunicaciones comerciales, conservaremos sus datos en tanto no nos manifieste su oposici\u00f3n a continuar recibiendo nuestras comunicaciones. <\/span><\/p>\n<p class=\"p6\"><span class=\"s1\"><b>Decisiones automatizadas, perfiles y l\u00f3gica aplicada:<\/b><\/span><\/p>\n<p class=\"p6\"><span class=\"s1\">La empresa NO tomar\u00e1 decisiones automatizadas.<\/span><\/p>\n<p class=\"p6\"><span class=\"s1\"><b>\u00bfCu\u00e1l es la legitimaci\u00f3n para el tratamiento de sus datos?<\/b><\/span><\/p>\n<p class=\"p6\"><span class=\"s1\">La base legal para el tratamiento de sus datos en la finalidad principal de mantenimiento de agenda de contactos es,<\/span><\/p>\n<p class=\"p8\"><span class=\"s1\">a) En caso de tratarse de una persona de contacto para mantener relaciones con la entidad jur\u00eddica u organizaci\u00f3n en la que usted presta sus servicios, es la satisfacci\u00f3n del inter\u00e9s leg\u00edtimo del responsable, de acuerdo a lo establecido en el art. 6.1.f del RGPD.<\/span><\/p>\n<p class=\"p8\"><span class=\"s1\">b) En caso de interesado puesto en contacto con nosotros, la base legal es la obtenci\u00f3n de su consentimiento.<\/span><\/p>\n<p class=\"p8\"><span class=\"s1\">c) En caso de persona de contacto para mantener relaciones directamente, es la satisfacci\u00f3n del inter\u00e9s leg\u00edtimo del responsable, de acuerdo a lo establecido en el art. 6.1.f del RGPD.<\/span><\/p>\n<p class=\"p6\"><span class=\"s1\">En la finalidad adicional de env\u00edo de comunicaciones comerciales, la base legal para el tratamiento de sus datos es la obtenci\u00f3n de su consentimiento.<\/span><\/p>\n<p class=\"p6\"><span class=\"s1\"><b>\u00bfA qu\u00e9 destinatarios se comunicar\u00e1n sus datos?<\/b><\/span><\/p>\n<p class=\"p6\"><span class=\"s1\">Durante el periodo de duraci\u00f3n del tratamiento no comunicaremos sus datos a terceros.<\/span><\/p>\n<p class=\"p6\"><span class=\"s1\">En AREAS INDUSTRIALES SL contaremos con la colaboraci\u00f3n de terceros prestadores de servicios que en cada caso hayamos podido contratar y que, para la prestaci\u00f3n de dicho servicio, puede ser necesario que tengan acceso a sus datos de car\u00e1cter personal, pero que los tratar\u00e1n con todas las garant\u00edas legales exigibles, siguiendo nuestras instrucciones y previa suscripci\u00f3n de un contrato de protecci\u00f3n de datos en las que exigimos, entre otras, tratar los datos exclusivamente para las finalidades pactadas, aplicar medidas t\u00e9cnicas y organizativas adecuadas, as\u00ed como suprimir y devolver los datos a la finalizaci\u00f3n del servicio.<\/span><\/p>\n<p class=\"p6\"><span class=\"s1\">En AREAS INDUSTRIALES SL seguimos unos criterios estrictos de selecci\u00f3n de terceros prestadores de servicios con el fin de dar cumplimiento a nuestras obligaciones e materia de protecci\u00f3n de datos. <\/span><\/p>\n<p class=\"p6\"><span class=\"s1\"><b>\u00bfCu\u00e1les son sus derechos cuando nos facilita sus datos? <\/b><\/span><\/p>\n<p class=\"p6\"><span class=\"s1\">Cualquier persona tiene derecho a obtener confirmaci\u00f3n sobre si estamos tratando datos personales que le conciernan o no. <\/span><\/p>\n<p class=\"p6\"><span class=\"s1\">Asimismo, tiene:<\/span><\/p>\n<p class=\"p14\"><span class=\"s1\">Derecho a solicitar el acceso a sus datos personales.<\/span><\/p>\n<p class=\"p15\"><span class=\"s1\">Derecho a solicitar su rectificaci\u00f3n<\/span><\/p>\n<p class=\"p14\"><span class=\"s1\">Derecho a solicitar su supresi\u00f3n.<\/span><\/p>\n<p class=\"p15\"><span class=\"s1\">Derecho a solicitar la limitaci\u00f3n de su tratamiento.<\/span><\/p>\n<p class=\"p14\"><span class=\"s1\">Derecho a oponerse al tratamiento.<\/span><\/p>\n<p class=\"p15\"><span class=\"s1\">Derecho a la portabilidad de los datos.<\/span><\/p>\n<p class=\"p14\"><span class=\"s1\">Derecho a retirar el consentimiento prestado.<\/span><\/p>\n<p class=\"p15\"><span class=\"s1\">Derecho de informaci\u00f3n<\/span><\/p>\n<p class=\"p14\"><span class=\"s1\">Derecho a oponerse a ser objeto de decisiones individuales automatizadas<\/span><\/p>\n<p class=\"p6\"><span class=\"s1\">Para ejercer sus derechos, dirija un escrito adjuntando copia de su DNI a: <\/span><\/p>\n<p class=\"p17\"><span class=\"s1\">AREAS INDUSTRIALES SL <\/span><\/p>\n<p class=\"p17\"><span class=\"s1\">Ejercicio derechos protecci\u00f3n de datos<\/span><\/p>\n<p class=\"p17\"><span class=\"s1\">Ctra. C-17 Km. 27 (Centre Comercial Sant Jordi)<\/span><\/p>\n<p class=\"p17\"><span class=\"s1\">08480 L\u2019Ametlla del Vall\u00e9s (Barcelona)<\/span><\/p>\n<p class=\"p6\"><span class=\"s1\">o bien remita un email a: <a href=\"mailto:info@concentre.cat\"><span class=\"s3\">info@concentre.cat<\/span><\/a><\/span><\/p>\n<p class=\"p6\"><span class=\"s1\">Asimismo, le informamos que puede dirigirse a la Agencia Espa\u00f1ola de Protecci\u00f3n de Datos (www.aepd.es) para obtener informaci\u00f3n adicional o para presentar una reclamaci\u00f3n, por ejemplo, si no has obtenido satisfacci\u00f3n en el ejercicio de tus derechos.<\/span><\/p>\n<p>[\/vc_column_text][\/vc_column][\/vc_row][vc_row][vc_column][vc_empty_space height=\u00bb50px\u00bb][vc_empty_space height=\u00bb50px\u00bb][\/vc_column][\/vc_row]<\/p>\n<\/div>","protected":false},"excerpt":{"rendered":"<p>[vc_row][vc_column][vc_empty_space height=\u00bb50px\u00bb][vc_column_text] Politica de privacidad [\/vc_column_text][vc_empty_space height=\u00bb50px\u00bb][\/vc_column][\/vc_row][vc_row][vc_column width=\u00bb1\/3&#8243;][\/vc_column][vc_column width=\u00bb2\/3&#8243;][vc_column_text]\u00bfQui\u00e9n es el Responsable del tratamiento de sus datos? Identidad: AREAS INDUSTRIALES S.L. CIF: B58192519 Dir. Postal:\u00a0 Ctra. C-17 Km. 27 (Centre Comercial Sant Jordi) 08480 L\u2019Ametlla del Vall\u00e9s Tel\u00e9fono: 93 843 04 00 E-Mail: info@concentre.cat \u00bfCon qu\u00e9 finalidad tratamos sus datos personales? En AREAS INDUSRIALES SL&hellip;<\/p>\n","protected":false},"author":1,"featured_media":0,"parent":0,"menu_order":0,"comment_status":"closed","ping_status":"closed","template":"template-microsite.php","meta":{"footnotes":""},"class_list":["post-648","page","type-page","status-publish","hentry","description-off"],"yoast_head":"<!-- This site is optimized with the Yoast SEO plugin v26.3 - https:\/\/yoast.com\/wordpress\/plugins\/seo\/ -->\n<title>Politica de privacidad - Concentre<\/title>\n<meta name=\"robots\" content=\"index, follow, max-snippet:-1, max-image-preview:large, max-video-preview:-1\" \/>\n<link rel=\"canonical\" href=\"https:\/\/concentre.cat\/es\/politica-de-privacidad\/\" \/>\n<meta property=\"og:locale\" content=\"es_ES\" \/>\n<meta property=\"og:type\" content=\"article\" \/>\n<meta property=\"og:title\" content=\"Politica de privacidad - Concentre\" \/>\n<meta property=\"og:description\" content=\"[vc_row][vc_column][vc_empty_space height=\u00bb50px\u00bb][vc_column_text] Politica de privacidad [\/vc_column_text][vc_empty_space height=\u00bb50px\u00bb][\/vc_column][\/vc_row][vc_row][vc_column width=\u00bb1\/3&#8243;][\/vc_column][vc_column width=\u00bb2\/3&#8243;][vc_column_text]\u00bfQui\u00e9n es el Responsable del tratamiento de sus datos? Identidad: AREAS INDUSTRIALES S.L. CIF: B58192519 Dir. Postal:\u00a0 Ctra. C-17 Km. 27 (Centre Comercial Sant Jordi) 08480 L\u2019Ametlla del Vall\u00e9s Tel\u00e9fono: 93 843 04 00 E-Mail: info@concentre.cat \u00bfCon qu\u00e9 finalidad tratamos sus datos personales? En AREAS INDUSRIALES SL&hellip;\" \/>\n<meta property=\"og:url\" content=\"https:\/\/concentre.cat\/es\/politica-de-privacidad\/\" \/>\n<meta property=\"og:site_name\" content=\"Concentre\" \/>\n<meta property=\"article:modified_time\" content=\"2018-07-02T10:09:03+00:00\" \/>\n<meta name=\"twitter:card\" content=\"summary_large_image\" \/>\n<meta name=\"twitter:label1\" content=\"Tiempo de lectura\" \/>\n\t<meta name=\"twitter:data1\" content=\"5 minutos\" \/>\n<script type=\"application\/ld+json\" class=\"yoast-schema-graph\">{\"@context\":\"https:\/\/schema.org\",\"@graph\":[{\"@type\":\"WebPage\",\"@id\":\"https:\/\/concentre.cat\/es\/politica-de-privacidad\/\",\"url\":\"https:\/\/concentre.cat\/es\/politica-de-privacidad\/\",\"name\":\"Politica de privacidad - Concentre\",\"isPartOf\":{\"@id\":\"https:\/\/concentre.cat\/#website\"},\"datePublished\":\"2018-07-02T09:33:50+00:00\",\"dateModified\":\"2018-07-02T10:09:03+00:00\",\"breadcrumb\":{\"@id\":\"https:\/\/concentre.cat\/es\/politica-de-privacidad\/#breadcrumb\"},\"inLanguage\":\"es\",\"potentialAction\":[{\"@type\":\"ReadAction\",\"target\":[\"https:\/\/concentre.cat\/es\/politica-de-privacidad\/\"]}]},{\"@type\":\"BreadcrumbList\",\"@id\":\"https:\/\/concentre.cat\/es\/politica-de-privacidad\/#breadcrumb\",\"itemListElement\":[{\"@type\":\"ListItem\",\"position\":1,\"name\":\"Inici\",\"item\":\"https:\/\/concentre.cat\/es\/\"},{\"@type\":\"ListItem\",\"position\":2,\"name\":\"Politica de privacidad\"}]},{\"@type\":\"WebSite\",\"@id\":\"https:\/\/concentre.cat\/#website\",\"url\":\"https:\/\/concentre.cat\/\",\"name\":\"Concentre\",\"description\":\"Centre de negocis al Vall\u00e8s - Lloguer d&#039;oficines i sales de reunions\",\"publisher\":{\"@id\":\"https:\/\/concentre.cat\/#organization\"},\"potentialAction\":[{\"@type\":\"SearchAction\",\"target\":{\"@type\":\"EntryPoint\",\"urlTemplate\":\"https:\/\/concentre.cat\/?s={search_term_string}\"},\"query-input\":{\"@type\":\"PropertyValueSpecification\",\"valueRequired\":true,\"valueName\":\"search_term_string\"}}],\"inLanguage\":\"es\"},{\"@type\":\"Organization\",\"@id\":\"https:\/\/concentre.cat\/#organization\",\"name\":\"Concentre - Centre de negocis al Vall\u00e8s\",\"url\":\"https:\/\/concentre.cat\/\",\"logo\":{\"@type\":\"ImageObject\",\"inLanguage\":\"es\",\"@id\":\"https:\/\/concentre.cat\/#\/schema\/logo\/image\/\",\"url\":\"https:\/\/concentre.cat\/wp-content\/uploads\/2017\/06\/Concentre_logo.png\",\"contentUrl\":\"https:\/\/concentre.cat\/wp-content\/uploads\/2017\/06\/Concentre_logo.png\",\"width\":860,\"height\":106,\"caption\":\"Concentre - Centre de negocis al Vall\u00e8s\"},\"image\":{\"@id\":\"https:\/\/concentre.cat\/#\/schema\/logo\/image\/\"}}]}<\/script>\n<!-- \/ Yoast SEO plugin. -->","yoast_head_json":{"title":"Politica de privacidad - Concentre","robots":{"index":"index","follow":"follow","max-snippet":"max-snippet:-1","max-image-preview":"max-image-preview:large","max-video-preview":"max-video-preview:-1"},"canonical":"https:\/\/concentre.cat\/es\/politica-de-privacidad\/","og_locale":"es_ES","og_type":"article","og_title":"Politica de privacidad - Concentre","og_description":"[vc_row][vc_column][vc_empty_space height=\u00bb50px\u00bb][vc_column_text] Politica de privacidad [\/vc_column_text][vc_empty_space height=\u00bb50px\u00bb][\/vc_column][\/vc_row][vc_row][vc_column width=\u00bb1\/3&#8243;][\/vc_column][vc_column width=\u00bb2\/3&#8243;][vc_column_text]\u00bfQui\u00e9n es el Responsable del tratamiento de sus datos? Identidad: AREAS INDUSTRIALES S.L. CIF: B58192519 Dir. Postal:\u00a0 Ctra. C-17 Km. 27 (Centre Comercial Sant Jordi) 08480 L\u2019Ametlla del Vall\u00e9s Tel\u00e9fono: 93 843 04 00 E-Mail: info@concentre.cat \u00bfCon qu\u00e9 finalidad tratamos sus datos personales? En AREAS INDUSRIALES SL&hellip;","og_url":"https:\/\/concentre.cat\/es\/politica-de-privacidad\/","og_site_name":"Concentre","article_modified_time":"2018-07-02T10:09:03+00:00","twitter_card":"summary_large_image","twitter_misc":{"Tiempo de lectura":"5 minutos"},"schema":{"@context":"https:\/\/schema.org","@graph":[{"@type":"WebPage","@id":"https:\/\/concentre.cat\/es\/politica-de-privacidad\/","url":"https:\/\/concentre.cat\/es\/politica-de-privacidad\/","name":"Politica de privacidad - Concentre","isPartOf":{"@id":"https:\/\/concentre.cat\/#website"},"datePublished":"2018-07-02T09:33:50+00:00","dateModified":"2018-07-02T10:09:03+00:00","breadcrumb":{"@id":"https:\/\/concentre.cat\/es\/politica-de-privacidad\/#breadcrumb"},"inLanguage":"es","potentialAction":[{"@type":"ReadAction","target":["https:\/\/concentre.cat\/es\/politica-de-privacidad\/"]}]},{"@type":"BreadcrumbList","@id":"https:\/\/concentre.cat\/es\/politica-de-privacidad\/#breadcrumb","itemListElement":[{"@type":"ListItem","position":1,"name":"Inici","item":"https:\/\/concentre.cat\/es\/"},{"@type":"ListItem","position":2,"name":"Politica de privacidad"}]},{"@type":"WebSite","@id":"https:\/\/concentre.cat\/#website","url":"https:\/\/concentre.cat\/","name":"Concentre","description":"Centre de negocis al Vall\u00e8s - Lloguer d&#039;oficines i sales de reunions","publisher":{"@id":"https:\/\/concentre.cat\/#organization"},"potentialAction":[{"@type":"SearchAction","target":{"@type":"EntryPoint","urlTemplate":"https:\/\/concentre.cat\/?s={search_term_string}"},"query-input":{"@type":"PropertyValueSpecification","valueRequired":true,"valueName":"search_term_string"}}],"inLanguage":"es"},{"@type":"Organization","@id":"https:\/\/concentre.cat\/#organization","name":"Concentre - Centre de negocis al Vall\u00e8s","url":"https:\/\/concentre.cat\/","logo":{"@type":"ImageObject","inLanguage":"es","@id":"https:\/\/concentre.cat\/#\/schema\/logo\/image\/","url":"https:\/\/concentre.cat\/wp-content\/uploads\/2017\/06\/Concentre_logo.png","contentUrl":"https:\/\/concentre.cat\/wp-content\/uploads\/2017\/06\/Concentre_logo.png","width":860,"height":106,"caption":"Concentre - Centre de negocis al Vall\u00e8s"},"image":{"@id":"https:\/\/concentre.cat\/#\/schema\/logo\/image\/"}}]}},"_links":{"self":[{"href":"https:\/\/concentre.cat\/es\/wp-json\/wp\/v2\/pages\/648","targetHints":{"allow":["GET"]}}],"collection":[{"href":"https:\/\/concentre.cat\/es\/wp-json\/wp\/v2\/pages"}],"about":[{"href":"https:\/\/concentre.cat\/es\/wp-json\/wp\/v2\/types\/page"}],"author":[{"embeddable":true,"href":"https:\/\/concentre.cat\/es\/wp-json\/wp\/v2\/users\/1"}],"replies":[{"embeddable":true,"href":"https:\/\/concentre.cat\/es\/wp-json\/wp\/v2\/comments?post=648"}],"version-history":[{"count":0,"href":"https:\/\/concentre.cat\/es\/wp-json\/wp\/v2\/pages\/648\/revisions"}],"wp:attachment":[{"href":"https:\/\/concentre.cat\/es\/wp-json\/wp\/v2\/media?parent=648"}],"curies":[{"name":"wp","href":"https:\/\/api.w.org\/{rel}","templated":true}]}}