{"id":562,"date":"2017-11-13T14:57:31","date_gmt":"2017-11-13T13:57:31","guid":{"rendered":"https:\/\/concentre.cat\/sales-de-reunions-de-lloguer\/"},"modified":"2022-03-17T11:13:50","modified_gmt":"2022-03-17T10:13:50","slug":"salas-de-reuniones-en-alquiler","status":"publish","type":"page","link":"https:\/\/concentre.cat\/es\/salas-de-reuniones-en-alquiler\/","title":{"rendered":"Salas de Reuniones en alquiler"},"content":{"rendered":"<div class=\"wpb-content-wrapper\"><p>[vc_row][vc_column][vc_empty_space height=\u00bb50px\u00bb][vc_column_text]<\/p>\n<h1 style=\"text-align: left;\"><span style=\"color: #ae1b34;\"><u>Nuestras<\/u><\/span><br \/>\n<span style=\"color: #ae1b34;\"><u>SALAS DE REUNIONES<br \/>\n<\/u><\/span><\/h1>\n<p>[\/vc_column_text][vc_empty_space height=\u00bb50px\u00bb][\/vc_column][\/vc_row][vc_row][vc_column width=\u00bb2\/3&#8243;][vc_column_text]<\/p>\n<h2>Consigue los mejores acuerdos con tus clientes en un espacio tranquilo y relajado, por un precio muy accesible<\/h2>\n<p>[\/vc_column_text][\/vc_column][vc_column width=\u00bb1\/3&#8243;][\/vc_column][\/vc_row][vc_row][vc_column][vc_empty_space height=\u00bb50px\u00bb][\/vc_column][\/vc_row][vc_row content_placement=\u00bbmiddle\u00bb][vc_column width=\u00bb1\/2&#8243;][vc_single_image image=\u00bb405&#8243; img_size=\u00bbfull\u00bb image_hovers=\u00bbfalse\u00bb css=\u00bb.vc_custom_1512986556241{margin-left: -360px !important;}\u00bb][\/vc_column][vc_column width=\u00bb1\/2&#8243;][vc_column_text el_class=\u00bb.grana\u00bb]<\/p>\n<h2><span style=\"color: #ae1b34;\">COMODIDADES<\/span><\/h2>\n<p>[\/vc_column_text][vc_column_text]<\/p>\n<p class=\"p1\">Nuestras salas de reuniones\u00a0en alquiler est\u00e1n pensadas para cubrir las necesidades de cada proyecto.<br \/>\nTodas est\u00e1n amuebladas y disponen de aire acondicionado, calefacci\u00f3n, conexi\u00f3n a internet y wifi\u00a0de alta velocidad, y proyector (reserva previa) para todas tus presentaciones y\/o videoconferencias.<\/p>\n<p>[\/vc_column_text][\/vc_column][\/vc_row][vc_row content_placement=\u00bbmiddle\u00bb][vc_column width=\u00bb1\/2&#8243;][vc_column_text]Disponemos de 4 salas equipadas y con diferentes capacidades, para alquilar de 8 h a 14 h.<br \/>\nLas empresas con oficina\u00a0en Concentre disponen de 2h mensuales de uso de la Sala 3 y de tarifas especiales en los alquileres de las otras salas.<\/p>\n<p><strong><br \/>\nSala 1<\/strong> \/ 15 m\u00b2 \/ 6 pax \/ 15 \u20ac\/hora<br \/>\n<strong>Sala 2\u00a0<\/strong>\/ 7 m\u00b2 \/ 4 pax \/ 10 \u20ac\/hora<br \/>\n<strong>Sala 3<\/strong>\u00a0\/ 14 m\u00b2 \/ 6 pax \/ 15 \u20ac\/hora<br \/>\n<strong>Sala 4<\/strong> \/ 30 m\u00b2 \/ 12 pax \/ 25 \u20ac\/hora[\/vc_column_text][\/vc_column][vc_column width=\u00bb1\/2&#8243;]<div id=\"ult-carousel-375878709469f0c46513a2e\" class=\"ult-carousel-wrapper  vc_custom_1513172917430  ult_horizontal\" data-gutter=\"15\" data-rtl=\"false\" ><div class=\"ult-carousel-22825020369f0c465135ab \" >[vc_single_image image=\u00bb403&#8243; img_size=\u00bbfull\u00bb image_hovers=\u00bbfalse\u00bb][vc_single_image image=\u00bb425&#8243; img_size=\u00bbfull\u00bb image_hovers=\u00bbfalse\u00bb][vc_single_image image=\u00bb427&#8243; img_size=\u00bbfull\u00bb image_hovers=\u00bbfalse\u00bb][vc_single_image image=\u00bb423&#8243; img_size=\u00bbfull\u00bb image_hovers=\u00bbfalse\u00bb][vc_single_image image=\u00bb429&#8243; img_size=\u00bbfull\u00bb image_hovers=\u00bbfalse\u00bb][vc_single_image image=\u00bb431&#8243; img_size=\u00bbfull\u00bb image_hovers=\u00bbfalse\u00bb][vc_single_image image=\u00bb433&#8243; img_size=\u00bbfull\u00bb image_hovers=\u00bbfalse\u00bb][vc_single_image image=\u00bb435&#8243; img_size=\u00bbfull\u00bb image_hovers=\u00bbfalse\u00bb]<\/div><\/div>\t\t\t<script type=\"text\/javascript\">\n\t\t\t\tjQuery(document).ready(function ($) {\n\t\t\t\t\tif( typeof jQuery('.ult-carousel-22825020369f0c465135ab').slick == \"function\"){\n\t\t\t\t\t\t$('.ult-carousel-22825020369f0c465135ab').slick({dots: false,autoplay: true,autoplaySpeed: \"4000\",speed: \"300\",infinite: true,arrows: true,nextArrow: '<button type=\"button\" role=\"button\" aria-label=\"Next\" style=\"color:#000000; font-size:10px;\" class=\"slick-next default\"><i class=\"ultsl-arrow-right6\"><\/i><\/button>',prevArrow: '<button type=\"button\" role=\"button\" aria-label=\"Previous\" style=\"color:#000000; font-size:10px;\" class=\"slick-prev default\"><i class=\"ultsl-arrow-left6\"><\/i><\/button>',slidesToScroll:1,slidesToShow:1,swipe: true,draggable: true,touchMove: true,pauseOnHover: true,pauseOnFocus: false,responsive: [\n\t\t\t\t\t\t\t{\n\t\t\t\t\t\t\t  breakpoint: 1026,\n\t\t\t\t\t\t\t  settings: {\n\t\t\t\t\t\t\t\tslidesToShow: 1,\n\t\t\t\t\t\t\t\tslidesToScroll: 1,  \n\t\t\t\t\t\t\t  }\n\t\t\t\t\t\t\t},\n\t\t\t\t\t\t\t{\n\t\t\t\t\t\t\t  breakpoint: 1025,\n\t\t\t\t\t\t\t  settings: {\n\t\t\t\t\t\t\t\tslidesToShow: 1,\n\t\t\t\t\t\t\t\tslidesToScroll: 1\n\t\t\t\t\t\t\t  }\n\t\t\t\t\t\t\t},\n\t\t\t\t\t\t\t{\n\t\t\t\t\t\t\t  breakpoint: 760,\n\t\t\t\t\t\t\t  settings: {\n\t\t\t\t\t\t\t\tslidesToShow: 1,\n\t\t\t\t\t\t\t\tslidesToScroll: 1\n\t\t\t\t\t\t\t  }\n\t\t\t\t\t\t\t}\n\t\t\t\t\t\t],pauseOnDotsHover: true,customPaging: function(slider, i) {\n                   return '<i type=\"button\" style= \"color:#333333;\" class=\"ultsl-record\" data-role=\"none\"><\/i>';\n                },});\n\t\t\t\t\t}\n\t\t\t\t});\n\t\t\t<\/script>\n\t\t\t[\/vc_column][\/vc_row][vc_row][vc_column][vc_empty_space height=\u00bb50px\u00bb][\/vc_column][\/vc_row][vc_row][vc_column][vc_empty_space height=\u00bb50px\u00bb][\/vc_column][\/vc_row][vc_row][vc_column width=\u00bb1\/3&#8243;][vc_column_text el_class=\u00bb.grana\u00bb]<\/p>\n<h2><span style=\"color: #ae1b34;\">En nuestras salas de reuniones encontrar\u00e1s<\/span><\/h2>\n<p>[\/vc_column_text][\/vc_column][vc_column width=\u00bb1\/3&#8243;][vc_column_text]<\/p>\n<h2>Internet &amp; Wifi de alta velocidad<\/h2>\n<p>&nbsp;<\/p>\n<h2>Aire acondicionado\u00a0y calefacci\u00f3n<\/h2>\n<p>[\/vc_column_text][\/vc_column][vc_column width=\u00bb1\/3&#8243;][vc_column_text]<\/p>\n<h2>Instalaciones accesibles<\/h2>\n<p>&nbsp;<\/p>\n<h2>Facilidad de aparcamiento<\/h2>\n<p>[\/vc_column_text][\/vc_column][\/vc_row][vc_row][vc_column][vc_empty_space height=\u00bb50px\u00bb][\/vc_column][\/vc_row][vc_row][vc_column width=\u00bb1\/3&#8243;][vc_column_text el_class=\u00bb.grana\u00bb]<\/p>\n<h2><span style=\"color: #ae1b34;\">Necesitas\u00a0m\u00e1s?<\/span><\/h2>\n<p>[\/vc_column_text][\/vc_column][vc_column width=\u00bb2\/3&#8243;][vc_column_text]Te ofrecemos la posibilidad de contratar servicios de catering y microfon\u00eda.[\/vc_column_text][\/vc_column][\/vc_row][vc_row][vc_column][vc_empty_space height=\u00bb50px\u00bb][\/vc_column][\/vc_row][vc_row bg_type=\u00bbbg_color\u00bb bg_override=\u00bbfull\u00bb bg_color_value=\u00bb#ae1b34&#8243;][vc_column][vc_empty_space height=\u00bb50px\u00bb][\/vc_column][vc_column width=\u00bb1\/3&#8243;][vc_column_text el_class=\u00bb.grana\u00bb]<\/p>\n<h2><span style=\"color: #000000;\">Te interesan nuestras salas de reuniones?<\/span><\/h2>\n<p>Si es as\u00ed, contacta con nosotros y hablamos.[\/vc_column_text][\/vc_column][vc_column width=\u00bb2\/3&#8243; css=\u00bb.vc_custom_1511782680248{margin-left: 25px !important;}\u00bb]\n<div class=\"wpcf7 no-js\" id=\"wpcf7-f743-o1\" lang=\"ca\" dir=\"ltr\" data-wpcf7-id=\"743\">\n<div class=\"screen-reader-response\"><p role=\"status\" aria-live=\"polite\" aria-atomic=\"true\"><\/p> <ul><\/ul><\/div>\n<form action=\"\/es\/wp-json\/wp\/v2\/pages\/562#wpcf7-f743-o1\" method=\"post\" class=\"wpcf7-form init\" aria-label=\"Formulari de contacte\" novalidate=\"novalidate\" data-status=\"init\">\n<fieldset class=\"hidden-fields-container\"><input type=\"hidden\" name=\"_wpcf7\" value=\"743\" \/><input type=\"hidden\" name=\"_wpcf7_version\" value=\"6.1.3\" \/><input type=\"hidden\" name=\"_wpcf7_locale\" value=\"ca\" \/><input type=\"hidden\" name=\"_wpcf7_unit_tag\" value=\"wpcf7-f743-o1\" \/><input type=\"hidden\" name=\"_wpcf7_container_post\" value=\"0\" \/><input type=\"hidden\" name=\"_wpcf7_posted_data_hash\" value=\"\" \/><input type=\"hidden\" name=\"_wpcf7_recaptcha_response\" value=\"\" \/>\n<\/fieldset>\n<div class=\"form-fields\">\n\t<p><span class=\"form-name\"><label class=\"assistive-text\">Nombre *<\/label><span class=\"wpcf7-form-control-wrap\" data-name=\"nom\"><input size=\"40\" maxlength=\"400\" class=\"wpcf7-form-control wpcf7-text wpcf7-validates-as-required\" aria-required=\"true\" aria-invalid=\"false\" placeholder=\"Nombre *\" value=\"\" type=\"text\" name=\"nom\" \/><\/span><\/span><span class=\"form-mail\"><label class=\"assistive-text\">E-mail *<\/label><span class=\"wpcf7-form-control-wrap\" data-name=\"email\"><input size=\"40\" maxlength=\"400\" class=\"wpcf7-form-control wpcf7-text wpcf7-validates-as-required\" aria-required=\"true\" aria-invalid=\"false\" placeholder=\"Correo-e *\" value=\"\" type=\"text\" name=\"email\" \/><\/span><\/span><span class=\"form-telephone\"><label class=\"assistive-text\">Tel\u00e9fono<\/label><span class=\"wpcf7-form-control-wrap\" data-name=\"telefon\"><input size=\"40\" maxlength=\"400\" class=\"wpcf7-form-control wpcf7-text wpcf7-validates-as-required\" aria-required=\"true\" aria-invalid=\"false\" placeholder=\"Tel\u00e9fono *\" value=\"\" type=\"text\" name=\"telefon\" \/><\/span> <\/span>\n\t<\/p>\n<\/div>\n<p><span class=\"form-message\"><label class=\"assistive-text\">Mensaje *<\/label><span class=\"wpcf7-form-control-wrap\" data-name=\"missatge\"><textarea cols=\"1\" rows=\"2\" maxlength=\"2000\" class=\"wpcf7-form-control wpcf7-textarea wpcf7-validates-as-required\" aria-required=\"true\" aria-invalid=\"false\" placeholder=\"Mensaje *\" name=\"missatge\"><\/textarea><\/span><\/span>\n<\/p>\n<p>\n\n<\/p>\n<p><input class=\"wpcf7-form-control wpcf7-submit has-spinner\" type=\"submit\" value=\"Envia\" \/>\n<\/p><div class=\"wpcf7-response-output\" aria-hidden=\"true\"><\/div>\n<\/form>\n<\/div>\n[\/vc_column][vc_column][vc_empty_space height=\u00bb50px\u00bb][vc_empty_space height=\u00bb50px\u00bb][\/vc_column][\/vc_row]<\/p>\n<\/div>","protected":false},"excerpt":{"rendered":"<p>[vc_row][vc_column][vc_empty_space height=\u00bb50px\u00bb][vc_column_text] Nuestras SALAS DE REUNIONES [\/vc_column_text][vc_empty_space height=\u00bb50px\u00bb][\/vc_column][\/vc_row][vc_row][vc_column width=\u00bb2\/3&#8243;][vc_column_text] Consigue los mejores acuerdos con tus clientes en un espacio tranquilo y relajado, por un precio muy accesible [\/vc_column_text][\/vc_column][vc_column width=\u00bb1\/3&#8243;][\/vc_column][\/vc_row][vc_row][vc_column][vc_empty_space height=\u00bb50px\u00bb][\/vc_column][\/vc_row][vc_row content_placement=\u00bbmiddle\u00bb][vc_column width=\u00bb1\/2&#8243;][vc_single_image image=\u00bb405&#8243; img_size=\u00bbfull\u00bb image_hovers=\u00bbfalse\u00bb css=\u00bb.vc_custom_1512986556241{margin-left: -360px !important;}\u00bb][\/vc_column][vc_column width=\u00bb1\/2&#8243;][vc_column_text el_class=\u00bb.grana\u00bb] COMODIDADES [\/vc_column_text][vc_column_text] Nuestras salas de reuniones\u00a0en alquiler est\u00e1n pensadas para cubrir las necesidades de cada&hellip;<\/p>\n","protected":false},"author":1,"featured_media":0,"parent":0,"menu_order":5,"comment_status":"closed","ping_status":"closed","template":"template-microsite.php","meta":{"footnotes":""},"class_list":["post-562","page","type-page","status-publish","hentry","description-off"],"yoast_head":"<!-- This site is optimized with the Yoast SEO plugin v26.3 - https:\/\/yoast.com\/wordpress\/plugins\/seo\/ -->\n<title>Salas de reuniones en alquiler por horas - Centro de negocios en el Vall\u00e8s<\/title>\n<meta name=\"description\" content=\"Salas de reuniones en alquiler por horas. Capacidad de 2 a 22 personas. Conexi\u00f3n de alta velocidad, para tus presentaciones y \/ o videoconferencias\" \/>\n<meta name=\"robots\" content=\"index, follow, max-snippet:-1, max-image-preview:large, max-video-preview:-1\" \/>\n<link rel=\"canonical\" href=\"https:\/\/concentre.cat\/es\/salas-de-reuniones-en-alquiler\/\" \/>\n<meta property=\"og:locale\" content=\"es_ES\" \/>\n<meta property=\"og:type\" content=\"article\" \/>\n<meta property=\"og:title\" content=\"Salas de reuniones en alquiler por horas - Centro de negocios en el Vall\u00e8s\" \/>\n<meta property=\"og:description\" content=\"Salas de reuniones en alquiler por horas. Capacidad de 2 a 22 personas. Conexi\u00f3n de alta velocidad, para tus presentaciones y \/ o videoconferencias\" \/>\n<meta property=\"og:url\" content=\"https:\/\/concentre.cat\/es\/salas-de-reuniones-en-alquiler\/\" \/>\n<meta property=\"og:site_name\" content=\"Concentre\" \/>\n<meta property=\"article:modified_time\" content=\"2022-03-17T10:13:50+00:00\" \/>\n<meta name=\"twitter:card\" content=\"summary_large_image\" \/>\n<meta name=\"twitter:label1\" content=\"Tiempo de lectura\" \/>\n\t<meta name=\"twitter:data1\" content=\"2 minutos\" \/>\n<script type=\"application\/ld+json\" class=\"yoast-schema-graph\">{\"@context\":\"https:\/\/schema.org\",\"@graph\":[{\"@type\":\"WebPage\",\"@id\":\"https:\/\/concentre.cat\/es\/salas-de-reuniones-en-alquiler\/\",\"url\":\"https:\/\/concentre.cat\/es\/salas-de-reuniones-en-alquiler\/\",\"name\":\"Salas de reuniones en alquiler por horas - Centro de negocios en el Vall\u00e8s\",\"isPartOf\":{\"@id\":\"https:\/\/concentre.cat\/#website\"},\"datePublished\":\"2017-11-13T13:57:31+00:00\",\"dateModified\":\"2022-03-17T10:13:50+00:00\",\"description\":\"Salas de reuniones en alquiler por horas. Capacidad de 2 a 22 personas. Conexi\u00f3n de alta velocidad, para tus presentaciones y \/ o videoconferencias\",\"breadcrumb\":{\"@id\":\"https:\/\/concentre.cat\/es\/salas-de-reuniones-en-alquiler\/#breadcrumb\"},\"inLanguage\":\"es\",\"potentialAction\":[{\"@type\":\"ReadAction\",\"target\":[\"https:\/\/concentre.cat\/es\/salas-de-reuniones-en-alquiler\/\"]}]},{\"@type\":\"BreadcrumbList\",\"@id\":\"https:\/\/concentre.cat\/es\/salas-de-reuniones-en-alquiler\/#breadcrumb\",\"itemListElement\":[{\"@type\":\"ListItem\",\"position\":1,\"name\":\"Inici\",\"item\":\"https:\/\/concentre.cat\/es\/\"},{\"@type\":\"ListItem\",\"position\":2,\"name\":\"Salas de Reuniones en alquiler\"}]},{\"@type\":\"WebSite\",\"@id\":\"https:\/\/concentre.cat\/#website\",\"url\":\"https:\/\/concentre.cat\/\",\"name\":\"Concentre\",\"description\":\"Centre de negocis al Vall\u00e8s - Lloguer d&#039;oficines i sales de reunions\",\"publisher\":{\"@id\":\"https:\/\/concentre.cat\/#organization\"},\"potentialAction\":[{\"@type\":\"SearchAction\",\"target\":{\"@type\":\"EntryPoint\",\"urlTemplate\":\"https:\/\/concentre.cat\/?s={search_term_string}\"},\"query-input\":{\"@type\":\"PropertyValueSpecification\",\"valueRequired\":true,\"valueName\":\"search_term_string\"}}],\"inLanguage\":\"es\"},{\"@type\":\"Organization\",\"@id\":\"https:\/\/concentre.cat\/#organization\",\"name\":\"Concentre - Centre de negocis al Vall\u00e8s\",\"url\":\"https:\/\/concentre.cat\/\",\"logo\":{\"@type\":\"ImageObject\",\"inLanguage\":\"es\",\"@id\":\"https:\/\/concentre.cat\/#\/schema\/logo\/image\/\",\"url\":\"https:\/\/concentre.cat\/wp-content\/uploads\/2017\/06\/Concentre_logo.png\",\"contentUrl\":\"https:\/\/concentre.cat\/wp-content\/uploads\/2017\/06\/Concentre_logo.png\",\"width\":860,\"height\":106,\"caption\":\"Concentre - Centre de negocis al Vall\u00e8s\"},\"image\":{\"@id\":\"https:\/\/concentre.cat\/#\/schema\/logo\/image\/\"}}]}<\/script>\n<!-- \/ Yoast SEO plugin. -->","yoast_head_json":{"title":"Salas de reuniones en alquiler por horas - Centro de negocios en el Vall\u00e8s","description":"Salas de reuniones en alquiler por horas. Capacidad de 2 a 22 personas. Conexi\u00f3n de alta velocidad, para tus presentaciones y \/ o videoconferencias","robots":{"index":"index","follow":"follow","max-snippet":"max-snippet:-1","max-image-preview":"max-image-preview:large","max-video-preview":"max-video-preview:-1"},"canonical":"https:\/\/concentre.cat\/es\/salas-de-reuniones-en-alquiler\/","og_locale":"es_ES","og_type":"article","og_title":"Salas de reuniones en alquiler por horas - Centro de negocios en el Vall\u00e8s","og_description":"Salas de reuniones en alquiler por horas. Capacidad de 2 a 22 personas. Conexi\u00f3n de alta velocidad, para tus presentaciones y \/ o videoconferencias","og_url":"https:\/\/concentre.cat\/es\/salas-de-reuniones-en-alquiler\/","og_site_name":"Concentre","article_modified_time":"2022-03-17T10:13:50+00:00","twitter_card":"summary_large_image","twitter_misc":{"Tiempo de lectura":"2 minutos"},"schema":{"@context":"https:\/\/schema.org","@graph":[{"@type":"WebPage","@id":"https:\/\/concentre.cat\/es\/salas-de-reuniones-en-alquiler\/","url":"https:\/\/concentre.cat\/es\/salas-de-reuniones-en-alquiler\/","name":"Salas de reuniones en alquiler por horas - Centro de negocios en el Vall\u00e8s","isPartOf":{"@id":"https:\/\/concentre.cat\/#website"},"datePublished":"2017-11-13T13:57:31+00:00","dateModified":"2022-03-17T10:13:50+00:00","description":"Salas de reuniones en alquiler por horas. Capacidad de 2 a 22 personas. Conexi\u00f3n de alta velocidad, para tus presentaciones y \/ o videoconferencias","breadcrumb":{"@id":"https:\/\/concentre.cat\/es\/salas-de-reuniones-en-alquiler\/#breadcrumb"},"inLanguage":"es","potentialAction":[{"@type":"ReadAction","target":["https:\/\/concentre.cat\/es\/salas-de-reuniones-en-alquiler\/"]}]},{"@type":"BreadcrumbList","@id":"https:\/\/concentre.cat\/es\/salas-de-reuniones-en-alquiler\/#breadcrumb","itemListElement":[{"@type":"ListItem","position":1,"name":"Inici","item":"https:\/\/concentre.cat\/es\/"},{"@type":"ListItem","position":2,"name":"Salas de Reuniones en alquiler"}]},{"@type":"WebSite","@id":"https:\/\/concentre.cat\/#website","url":"https:\/\/concentre.cat\/","name":"Concentre","description":"Centre de negocis al Vall\u00e8s - Lloguer d&#039;oficines i sales de reunions","publisher":{"@id":"https:\/\/concentre.cat\/#organization"},"potentialAction":[{"@type":"SearchAction","target":{"@type":"EntryPoint","urlTemplate":"https:\/\/concentre.cat\/?s={search_term_string}"},"query-input":{"@type":"PropertyValueSpecification","valueRequired":true,"valueName":"search_term_string"}}],"inLanguage":"es"},{"@type":"Organization","@id":"https:\/\/concentre.cat\/#organization","name":"Concentre - Centre de negocis al Vall\u00e8s","url":"https:\/\/concentre.cat\/","logo":{"@type":"ImageObject","inLanguage":"es","@id":"https:\/\/concentre.cat\/#\/schema\/logo\/image\/","url":"https:\/\/concentre.cat\/wp-content\/uploads\/2017\/06\/Concentre_logo.png","contentUrl":"https:\/\/concentre.cat\/wp-content\/uploads\/2017\/06\/Concentre_logo.png","width":860,"height":106,"caption":"Concentre - Centre de negocis al Vall\u00e8s"},"image":{"@id":"https:\/\/concentre.cat\/#\/schema\/logo\/image\/"}}]}},"_links":{"self":[{"href":"https:\/\/concentre.cat\/es\/wp-json\/wp\/v2\/pages\/562","targetHints":{"allow":["GET"]}}],"collection":[{"href":"https:\/\/concentre.cat\/es\/wp-json\/wp\/v2\/pages"}],"about":[{"href":"https:\/\/concentre.cat\/es\/wp-json\/wp\/v2\/types\/page"}],"author":[{"embeddable":true,"href":"https:\/\/concentre.cat\/es\/wp-json\/wp\/v2\/users\/1"}],"replies":[{"embeddable":true,"href":"https:\/\/concentre.cat\/es\/wp-json\/wp\/v2\/comments?post=562"}],"version-history":[{"count":3,"href":"https:\/\/concentre.cat\/es\/wp-json\/wp\/v2\/pages\/562\/revisions"}],"predecessor-version":[{"id":927,"href":"https:\/\/concentre.cat\/es\/wp-json\/wp\/v2\/pages\/562\/revisions\/927"}],"wp:attachment":[{"href":"https:\/\/concentre.cat\/es\/wp-json\/wp\/v2\/media?parent=562"}],"curies":[{"name":"wp","href":"https:\/\/api.w.org\/{rel}","templated":true}]}}