{"id":550,"date":"2018-02-22T10:54:31","date_gmt":"2018-02-22T09:54:31","guid":{"rendered":"https:\/\/concentre.cat\/centro-de-negocios-en-el-valles\/"},"modified":"2025-11-17T15:51:44","modified_gmt":"2025-11-17T14:51:44","slug":"centro-de-negocios-en-el-valles","status":"publish","type":"page","link":"https:\/\/concentre.cat\/es\/centro-de-negocios-en-el-valles\/","title":{"rendered":"Centro de Negocios en el Vall\u00e8s"},"content":{"rendered":"<div class=\"wpb-content-wrapper\"><p>[vc_row][vc_column][vc_empty_space height=\u00bb50px\u00bb][vc_column_text]<\/p>\n<h1 style=\"text-align: left;\"><span style=\"color: #ae1b34;\"><u>Bienvenidos a<\/u><\/span><br \/>\n<span style=\"color: #ae1b34;\"><u>CONCENTRE<\/u><\/span><\/h1>\n<p>[\/vc_column_text][vc_empty_space height=\u00bb50px\u00bb][\/vc_column][\/vc_row][vc_row][vc_column width=\u00bb2\/3&#8243;][vc_column_text]<\/p>\n<h2 class=\"p1\">Aqu\u00ed podr\u00e1s hacer realidad tu proyecto, ver como se convierte en negocio y hacerlo crecer hasta donde t\u00fa quieras.<\/h2>\n<h2 class=\"p1\">T\u00fa pones las ideas.<\/h2>\n<h2 class=\"p1\">Nosotros ponemos el espacio y todo lo que puedas necesitar.<\/h2>\n<p>[\/vc_column_text][\/vc_column][vc_column width=\u00bb1\/3&#8243;][\/vc_column][\/vc_row][vc_row][vc_column][vc_empty_space height=\u00bb50px\u00bb][\/vc_column][\/vc_row][vc_row][vc_column width=\u00bb1\/3&#8243;][vc_column_text el_class=\u00bb.grana\u00bb]<\/p>\n<h2><span style=\"color: #ae1b34;\">CONCENTRE<\/span><\/h2>\n<p>[\/vc_column_text][\/vc_column][vc_column width=\u00bb2\/3&#8243;][vc_column_text]<\/p>\n<p class=\"p1\">Concentre es el nuevo centro de negocios\u00a0en el Vall\u00e8s con m\u00e1s de 2.000 m\u00b2, con despachos y <strong><a href=\"https:\/\/concentre.cat\/es\/oficinas-en-alquiler\/?lang=es\">oficinas<\/a><\/strong> equipadas para la peque\u00f1a y mediana empresa, profesionales liberales y aut\u00f3nomos. Disponemos de <strong><a href=\"https:\/\/concentre.cat\/es\/salas-de-reuniones-en-alquiler\/?lang=es\">Salas de reuniones<\/a><\/strong> en alquiler por horas y\/o d\u00edas.<\/p>\n<p class=\"p1\">Te ofrecemos el espacio perfecto para tu negocio con todas las comodidades del servicio <strong>365\/7\/24<\/strong>. Ven cuando quieras, el horario lo marcas t\u00fa.<\/p>\n<p>[\/vc_column_text][\/vc_column][\/vc_row][vc_row][vc_column][vc_empty_space height=\u00bb150px\u00bb][\/vc_column][\/vc_row][vc_row][vc_column width=\u00bb1\/2&#8243;][vc_single_image image=\u00bb634&#8243; img_size=\u00bbfull\u00bb image_hovers=\u00bbfalse\u00bb css=\u00bb.vc_custom_1530022847491{margin-top: -100px !important;}\u00bb][\/vc_column][vc_column width=\u00bb1\/2&#8243;]<div id=\"ult-carousel-60809720969f0c47caa516\" class=\"ult-carousel-wrapper   ult_horizontal\" data-gutter=\"15\" data-rtl=\"false\" ><div class=\"ult-carousel-196438813069f0c47caa0cc \" >[vc_single_image image=\u00bb449&#8243; img_size=\u00bbfull\u00bb image_hovers=\u00bbfalse\u00bb][vc_single_image image=\u00bb409&#8243; img_size=\u00bbfull\u00bb image_hovers=\u00bbfalse\u00bb][vc_single_image image=\u00bb437&#8243; img_size=\u00bbfull\u00bb image_hovers=\u00bbfalse\u00bb][vc_single_image image=\u00bb405&#8243; img_size=\u00bbfull\u00bb image_hovers=\u00bbfalse\u00bb][vc_single_image image=\u00bb447&#8243; img_size=\u00bbfull\u00bb image_hovers=\u00bbfalse\u00bb][vc_single_image image=\u00bb411&#8243; img_size=\u00bbfull\u00bb image_hovers=\u00bbfalse\u00bb][vc_single_image image=\u00bb385&#8243; img_size=\u00bbfull\u00bb image_hovers=\u00bbfalse\u00bb][vc_single_image image=\u00bb620&#8243; img_size=\u00bbfull\u00bb image_hovers=\u00bbfalse\u00bb][vc_single_image image=\u00bb439&#8243; img_size=\u00bbfull\u00bb image_hovers=\u00bbfalse\u00bb][vc_single_image image=\u00bb413&#8243; img_size=\u00bbfull\u00bb image_hovers=\u00bbfalse\u00bb][vc_single_image image=\u00bb383&#8243; img_size=\u00bbfull\u00bb image_hovers=\u00bbfalse\u00bb]<\/div><\/div>\t\t\t<script type=\"text\/javascript\">\n\t\t\t\tjQuery(document).ready(function ($) {\n\t\t\t\t\tif( typeof jQuery('.ult-carousel-196438813069f0c47caa0cc').slick == \"function\"){\n\t\t\t\t\t\t$('.ult-carousel-196438813069f0c47caa0cc').slick({dots: false,autoplay: true,autoplaySpeed: \"4000\",speed: \"300\",infinite: true,arrows: true,nextArrow: '<button type=\"button\" role=\"button\" aria-label=\"Next\" style=\"color:#000000; font-size:10px;\" class=\"slick-next default\"><i class=\"ultsl-arrow-right6\"><\/i><\/button>',prevArrow: '<button type=\"button\" role=\"button\" aria-label=\"Previous\" style=\"color:#000000; font-size:10px;\" class=\"slick-prev default\"><i class=\"ultsl-arrow-left6\"><\/i><\/button>',slidesToScroll:1,slidesToShow:1,swipe: true,draggable: true,touchMove: true,pauseOnHover: true,pauseOnFocus: false,responsive: [\n\t\t\t\t\t\t\t{\n\t\t\t\t\t\t\t  breakpoint: 1026,\n\t\t\t\t\t\t\t  settings: {\n\t\t\t\t\t\t\t\tslidesToShow: 1,\n\t\t\t\t\t\t\t\tslidesToScroll: 1,  \n\t\t\t\t\t\t\t  }\n\t\t\t\t\t\t\t},\n\t\t\t\t\t\t\t{\n\t\t\t\t\t\t\t  breakpoint: 1025,\n\t\t\t\t\t\t\t  settings: {\n\t\t\t\t\t\t\t\tslidesToShow: 1,\n\t\t\t\t\t\t\t\tslidesToScroll: 1\n\t\t\t\t\t\t\t  }\n\t\t\t\t\t\t\t},\n\t\t\t\t\t\t\t{\n\t\t\t\t\t\t\t  breakpoint: 760,\n\t\t\t\t\t\t\t  settings: {\n\t\t\t\t\t\t\t\tslidesToShow: 1,\n\t\t\t\t\t\t\t\tslidesToScroll: 1\n\t\t\t\t\t\t\t  }\n\t\t\t\t\t\t\t}\n\t\t\t\t\t\t],pauseOnDotsHover: true,customPaging: function(slider, i) {\n                   return '<i type=\"button\" style= \"color:#333333;\" class=\"ultsl-record\" data-role=\"none\"><\/i>';\n                },});\n\t\t\t\t\t}\n\t\t\t\t});\n\t\t\t<\/script>\n\t\t\t[\/vc_column][\/vc_row][vc_row][vc_column][vc_empty_space height=\u00bb50px\u00bb][\/vc_column][\/vc_row][vc_row][vc_column width=\u00bb1\/3&#8243;][vc_column_text el_class=\u00bb.grana\u00bb]<\/p>\n<h2><span style=\"color: #ae1b34;\">LOS ESPACIOS<\/span><\/h2>\n<p>[\/vc_column_text][\/vc_column][vc_column width=\u00bb2\/3&#8243;][vc_column_text]Nuestras <strong><a href=\"https:\/\/concentre.cat\/es\/oficinas-en-alquiler\/?lang=es\">oficinas<\/a><\/strong> cuentan con todos los servicios que tu negocio puede necesitar. El recinto contiene tambi\u00e9n cuatro <strong><a href=\"https:\/\/concentre.cat\/es\/salas-de-reuniones-en-alquiler\/?lang=es\">salas de reuniones,<\/a> <\/strong>una <strong><a href=\"https:\/\/concentre.cat\/es\/cocina\/?lang=es\">Cocina office<\/a><\/strong> y zona de relax.<\/p>\n<p>Nuestra ubicaci\u00f3n privilegiada dentro de un gran complejo comercial, justo\u00a0en el\u00a0<strong><a href=\"https:\/\/concentre.cat\/es\/localizacion\/?lang=es\">Centro neur\u00e1lgico y geogr\u00e1fico del Vall\u00e8s<\/a><\/strong>, nos convierte en una gran plataforma de lanzamiento para todo tipo de negocio.[\/vc_column_text][\/vc_column][\/vc_row][vc_row][vc_column][vc_empty_space height=\u00bb50px\u00bb][\/vc_column][\/vc_row][vc_row][vc_column][vc_single_image image=\u00bb851&#8243; img_size=\u00bbfull\u00bb alignment=\u00bbcenter\u00bb image_hovers=\u00bbfalse\u00bb][\/vc_column][\/vc_row][vc_row][vc_column][vc_empty_space height=\u00bb50px\u00bb][\/vc_column][\/vc_row][vc_row][vc_column width=\u00bb1\/6&#8243;][vc_single_image image=\u00bb274&#8243; img_size=\u00bb80&#215;80&#8243; alignment=\u00bbright\u00bb image_hovers=\u00bbfalse\u00bb css=\u00bb.vc_custom_1511775790214{margin-top: -15px !important;}\u00bb][\/vc_column][vc_column width=\u00bb2\/6&#8243;][vc_column_text el_class=\u00bb.grana\u00bb]<\/p>\n<h2><a href=\"https:\/\/concentre.cat\/es\/oficinas-en-alquiler\/?lang=es\">Oficinas<\/a><\/h2>\n<p>[\/vc_column_text][\/vc_column][vc_column width=\u00bb1\/6&#8243;][vc_single_image image=\u00bb276&#8243; img_size=\u00bb80&#215;80&#8243; alignment=\u00bbright\u00bb image_hovers=\u00bbfalse\u00bb css=\u00bb.vc_custom_1511775925288{margin-top: -15px !important;}\u00bb][\/vc_column][vc_column width=\u00bb2\/6&#8243;][vc_column_text el_class=\u00bb.grana\u00bb]<\/p>\n<h2><a href=\"https:\/\/concentre.cat\/es\/salas-de-reuniones-en-alquiler\/?lang=es\">Salas de reuniones<\/a><\/h2>\n<p>[\/vc_column_text][\/vc_column][\/vc_row][vc_row][vc_column width=\u00bb1\/6&#8243;][vc_single_image image=\u00bb272&#8243; img_size=\u00bb80&#215;80&#8243; alignment=\u00bbright\u00bb image_hovers=\u00bbfalse\u00bb][\/vc_column][vc_column width=\u00bb2\/6&#8243;][vc_column_text el_class=\u00bb.grana\u00bb]<\/p>\n<h2><a href=\"https:\/\/concentre.cat\/es\/cocina\/?lang=es\">La Cocina &amp; Zona relax<\/a><\/h2>\n<p>[\/vc_column_text][\/vc_column][vc_column width=\u00bb1\/6&#8243;][vc_single_image image=\u00bb270&#8243; img_size=\u00bb80&#215;80&#8243; alignment=\u00bbright\u00bb image_hovers=\u00bbfalse\u00bb][\/vc_column][vc_column width=\u00bb2\/6&#8243;][vc_column_text el_class=\u00bb.grana\u00bb]<\/p>\n<h2>Punto de informaci\u00f3n<\/h2>\n<p>[\/vc_column_text][\/vc_column][\/vc_row][vc_row][vc_column][vc_empty_space height=\u00bb50px\u00bb][\/vc_column][\/vc_row][vc_row][vc_column width=\u00bb1\/3&#8243;][vc_column_text el_class=\u00bb.grana\u00bb]<\/p>\n<h2><span style=\"color: #ae1b34;\">EMPRESAS<\/span><\/h2>\n<p>[\/vc_column_text][\/vc_column][vc_column width=\u00bb2\/3&#8243;][vc_column_text]<strong><a href=\"https:\/\/concentre.cat\/es\/centro-de-negocios-en-el-valles\/?lang=es\">Concentre<\/a><\/strong> acoge diferentes tipolog\u00edas de empresas con modelos de negocio variados, desde inmobiliarias a asesores jur\u00eddicos, agencias de viajes o t\u00e9cnicos periciales, que generan sinergias entre ellos.<br \/>\nNuestras instalaciones est\u00e1n dise\u00f1adas para dar cabida a todo tipo de empresa, sean cuales sean sus necesidades.[\/vc_column_text][\/vc_column][\/vc_row][vc_row][vc_column][vc_empty_space height=\u00bb50px\u00bb][\/vc_column][\/vc_row][vc_row][vc_column width=\u00bb1\/4&#8243; css=\u00bb.vc_custom_1611946435785{background-color: #ffffff !important;}\u00bb][vc_column_text]<\/p>\n<h2 style=\"text-align: center;\"><span style=\"color: #ae1b34;\"><strong>N | 1<\/strong><\/span><\/h2>\n<p>[\/vc_column_text][vc_column_text]<\/p>\n<p style=\"text-align: center;\"><strong>TOMAS FLEIDERMAN<\/strong><\/p>\n<p>&nbsp;<\/p>\n<p>[\/vc_column_text][\/vc_column][vc_column width=\u00bb1\/4&#8243; css=\u00bb.vc_custom_1511435459625{background-color: #ffffff !important;}\u00bb][vc_column_text]<\/p>\n<h2 style=\"text-align: center;\"><span style=\"color: #ae1b34;\"><strong>N |\u00a02<\/strong><\/span><\/h2>\n<p>[\/vc_column_text][vc_column_text]<\/p>\n<p style=\"text-align: center;\"><strong>CONCENTRE<\/strong><br \/>\nImpresi\u00f3n &amp; Copia<br \/>\n<span style=\"color: #ffffff;\">.<\/span><\/p>\n<p>[\/vc_column_text][\/vc_column][vc_column width=\u00bb1\/4&#8243; css=\u00bb.vc_custom_1632910889312{background-color: #ffffff !important;}\u00bb][vc_column_text]<\/p>\n<h2 style=\"text-align: center;\"><span style=\"color: #ae1b34;\"><strong>N |\u00a03<\/strong><\/span><\/h2>\n<p>[\/vc_column_text][vc_column_text]<\/p>\n<p style=\"text-align: center;\"><a href=\"https:\/\/onllarimmobiliaria.com\/\" target=\"_blank\" rel=\"noopener noreferrer\"><strong>OnLlar Immobili\u00e0ria<br \/>\n<\/strong><\/a>Servicios de Venta y Alquiler<\/p>\n<p>[\/vc_column_text][\/vc_column][vc_column width=\u00bb1\/4&#8243; css=\u00bb.vc_custom_1677245726974{background-color: #ffffff !important;}\u00bb][vc_column_text]<\/p>\n<h2 style=\"text-align: center;\"><span style=\"color: #ae1b34;\"><strong>N |\u00a04<\/strong><\/span><\/h2>\n<p>[\/vc_column_text][vc_column_text]<\/p>\n<p style=\"text-align: center;\"><a href=\"http:\/\/www.eocomunicacio.com\/\" target=\"_blank\" rel=\"noopener\">EO COMUNICACI\u00d3<\/a><br \/>\nDise\u00f1o Gr\u00e1fico<\/p>\n<p>[\/vc_column_text][\/vc_column][\/vc_row][vc_row][vc_column][vc_empty_space height=\u00bb10px\u00bb][\/vc_column][\/vc_row][vc_row][vc_column width=\u00bb1\/4&#8243; css=\u00bb.vc_custom_1683024874956{background-color: #ffffff !important;}\u00bb][vc_column_text]<\/p>\n<h2 style=\"text-align: center;\"><span style=\"color: #ae1b34;\"><strong>N |\u00a05<\/strong><\/span><\/h2>\n<p>[\/vc_column_text][vc_column_text]<\/p>\n<p style=\"text-align: center;\"><strong>SYNGENTA FLOWERS<br \/>\n<\/strong>obtentores material vegetal<strong><br \/>\n<\/strong><\/p>\n<p>[\/vc_column_text][\/vc_column][vc_column width=\u00bb1\/4&#8243; css=\u00bb.vc_custom_1658241162307{background-color: #ffffff !important;}\u00bb][vc_column_text]<\/p>\n<h2 style=\"text-align: center;\"><span style=\"color: #ae1b34;\"><strong>N |\u00a06<\/strong><\/span><\/h2>\n<p>[\/vc_column_text][vc_column_text]<\/p>\n<p style=\"text-align: center;\"><strong>VILARVICVALLES<\/strong><br \/>\nConstructores<\/p>\n<p>[\/vc_column_text][\/vc_column][vc_column width=\u00bb1\/4&#8243; css=\u00bb.vc_custom_1511435541120{background-color: #ffffff !important;}\u00bb][vc_column_text]<\/p>\n<h2 style=\"text-align: center;\"><span style=\"color: #ae1b34;\"><strong>N |\u00a07<\/strong><\/span><\/h2>\n<p>[\/vc_column_text][vc_column_text]<\/p>\n<p style=\"text-align: center;\"><strong>DAK&#8217;S<br \/>\n<\/strong>T\u00e9cnicos periciales<br \/>\n<span style=\"color: #ffffff;\">.<\/span><\/p>\n<p>[\/vc_column_text][\/vc_column][vc_column width=\u00bb1\/4&#8243; css=\u00bb.vc_custom_1511435556616{background-color: #ffffff !important;}\u00bb][vc_column_text]<\/p>\n<h2 style=\"text-align: center;\"><span style=\"color: #ae1b34;\"><strong>N |\u00a08<\/strong><\/span><\/h2>\n<p>[\/vc_column_text][vc_column_text]<\/p>\n<p style=\"text-align: center;\"><strong>DAK&#8217;S<br \/>\n<\/strong>T\u00e9cnicos periciales<br \/>\n<span style=\"color: #ffffff;\">.<\/span><\/p>\n<p>[\/vc_column_text][\/vc_column][\/vc_row][vc_row][vc_column][vc_empty_space height=\u00bb10px\u00bb][\/vc_column][\/vc_row][vc_row css=\u00bb.vc_custom_1542717648667{background-color: #ffffff !important;}\u00bb][vc_column width=\u00bb1\/4&#8243; css=\u00bb.vc_custom_1709547695993{background-color: #ffffff !important;}\u00bb][vc_column_text]<\/p>\n<h2 style=\"text-align: center;\"><span style=\"color: #ae1b34;\"><strong>N |\u00a09<\/strong><\/span><\/h2>\n<p>[\/vc_column_text][vc_column_text]<\/p>\n<p style=\"text-align: center;\"><a href=\"https:\/\/talentumequipos.com\/\" target=\"_blank\" rel=\"noopener\"><strong>TALENTUM<\/strong><\/a><br \/>\nSelecci\u00f3n y Formaci\u00f3n<\/p>\n<p>[\/vc_column_text][\/vc_column][vc_column width=\u00bb1\/4&#8243; css=\u00bb.vc_custom_1658241209348{background-color: #ffffff !important;}\u00bb][vc_column_text]<\/p>\n<h2 style=\"text-align: center;\"><span style=\"color: #ae1b34;\"><strong>N |\u00a010<\/strong><\/span><\/h2>\n<p>[\/vc_column_text][vc_column_text]<\/p>\n<p style=\"text-align: center;\"><strong>VISERVI<br \/>\n<\/strong>Central de compras<\/p>\n<p>[\/vc_column_text][\/vc_column][vc_column width=\u00bb1\/4&#8243; css=\u00bb.vc_custom_1537177378579{background-color: #ffffff !important;}\u00bb][vc_column_text]<\/p>\n<h2 style=\"text-align: center;\"><span style=\"color: #ae1b34;\"><strong>N |\u00a011<\/strong><\/span><\/h2>\n<p>[\/vc_column_text][vc_column_text]<\/p>\n<p style=\"text-align: center;\"><strong><a href=\"http:\/\/comprum.es\/\" target=\"_blank\" rel=\"noopener noreferrer\">COMPRUM<\/a><br \/>\n<\/strong>Central de compras<\/p>\n<p>[\/vc_column_text][\/vc_column][vc_column width=\u00bb1\/4&#8243; css=\u00bb.vc_custom_1622194937374{background-color: #ffffff !important;}\u00bb][vc_column_text]<\/p>\n<h2 style=\"text-align: center;\"><span style=\"color: #ae1b34;\"><strong>N |\u00a012<\/strong><\/span><\/h2>\n<p>[\/vc_column_text][vc_column_text]<\/p>\n<p style=\"text-align: center;\"><strong><a href=\"http:\/\/comprum.es\/\" target=\"_blank\" rel=\"noopener noreferrer\">COMPRUM<\/a><br \/>\n<\/strong>Central de compras<\/p>\n<p>[\/vc_column_text][\/vc_column][\/vc_row][vc_row][vc_column][vc_empty_space height=\u00bb10px\u00bb][\/vc_column][\/vc_row][vc_row][vc_column width=\u00bb1\/4&#8243; css=\u00bb.vc_custom_1636541759047{background-color: #ffffff !important;}\u00bb][vc_column_text]<\/p>\n<h2 style=\"text-align: center;\"><span style=\"color: #ae1b34;\"><strong>N |\u00a013<\/strong><\/span><\/h2>\n<p>[\/vc_column_text][vc_column_text]<\/p>\n<p style=\"text-align: center;\"><a href=\"http:\/\/msgrup.com\/\" target=\"_blank\" rel=\"noopener\"><strong>M.S. GRUP<\/strong><\/a><br \/>\nDise\u00f1o Gr\u00e1fico<\/p>\n<p>[\/vc_column_text][\/vc_column][vc_column width=\u00bb1\/4&#8243; css=\u00bb.vc_custom_1647513972781{background-color: #ffffff !important;}\u00bb][vc_column_text]<\/p>\n<h2 style=\"text-align: center;\"><span style=\"color: #ae1b34;\"><strong>N |\u00a014<\/strong><\/span><\/h2>\n<p>[\/vc_column_text][vc_column_text]<\/p>\n<p style=\"text-align: center;\"><strong>RESERVADO<\/strong><\/p>\n<p>[\/vc_column_text][\/vc_column][vc_column width=\u00bb1\/4&#8243; css=\u00bb.vc_custom_1685007425377{background-color: #ffffff !important;}\u00bb][vc_column_text]<\/p>\n<h2 style=\"text-align: center;\"><span style=\"color: #ae1b34;\"><strong>N |\u00a015<\/strong><\/span><\/h2>\n<p>[\/vc_column_text][vc_column_text]<\/p>\n<p style=\"text-align: center;\"><b>DAVID GUBERN<br \/>\n<\/b>Arquitecto<\/p>\n<p>[\/vc_column_text][\/vc_column][vc_column width=\u00bb1\/4&#8243; css=\u00bb.vc_custom_1683024911873{background-color: #ffffff !important;}\u00bb][vc_column_text]<\/p>\n<h2 style=\"text-align: center;\"><span style=\"color: #ae1b34;\"><strong>N |\u00a016<\/strong><\/span><\/h2>\n<p>[\/vc_column_text][vc_column_text]<\/p>\n<p style=\"text-align: center;\"><b><a href=\"http:\/\/www.tauladarquitectura.com\/\" target=\"_blank\" rel=\"noopener\">JORDI SANZ ARQUITECTURA<\/a><br \/>\n<\/b>Arquitectos<\/p>\n<p>[\/vc_column_text][\/vc_column][\/vc_row][vc_row][vc_column][vc_empty_space height=\u00bb10px\u00bb][\/vc_column][\/vc_row][vc_row][vc_column width=\u00bb1\/4&#8243; css=\u00bb.vc_custom_1666945209353{background-color: #ffffff !important;}\u00bb][vc_column_text]<\/p>\n<h2 style=\"text-align: center;\"><span style=\"color: #ae1b34;\"><strong>N |\u00a017<\/strong><\/span><\/h2>\n<p>[\/vc_column_text][vc_column_text]<\/p>\n<p style=\"text-align: center;\"><strong>ENRIC FERRER<br \/>\n<\/strong>Excel, Access y Word<strong><br \/>\n<\/strong>Consultor\u00eda, Programaci\u00f3n y Formaci\u00f3n<strong>\u00a0<\/strong><\/p>\n<p>[\/vc_column_text][\/vc_column][vc_column width=\u00bb1\/4&#8243; css=\u00bb.vc_custom_1663232872221{background-color: #ffffff !important;}\u00bb][vc_column_text]<\/p>\n<h2 style=\"text-align: center;\"><span style=\"color: #ae1b34;\"><strong>N |\u00a018<\/strong><\/span><\/h2>\n<p>[\/vc_column_text][vc_column_text]<\/p>\n<p style=\"text-align: center;\"><strong><a href=\"http:\/\/pepsesat.com\/\" target=\"_blank\" rel=\"noopener\">PEP SESAT S.L.<\/a><br \/>\n<\/strong>Agencia de Comunicaci\u00f3n<\/p>\n<p>[\/vc_column_text][\/vc_column][vc_column width=\u00bb1\/4&#8243; css=\u00bb.vc_custom_1511435798002{background-color: #ffffff !important;}\u00bb][vc_column_text]<\/p>\n<h2 style=\"text-align: center;\"><span style=\"color: #ae1b34;\"><strong>N |\u00a019<\/strong><\/span><\/h2>\n<p>[\/vc_column_text][vc_column_text]<\/p>\n<p style=\"text-align: center;\"><a href=\"https:\/\/mauditores.com\/\" target=\"_blank\" rel=\"noopener noreferrer\"><strong>M AUDIT&amp;FORENSIC, S.L.P.<\/strong><\/a><br \/>\nAuditores y expertos contables<br \/>\n<span style=\"color: #ffffff;\">.<\/span><\/p>\n<p>[\/vc_column_text][\/vc_column][vc_column width=\u00bb1\/4&#8243; css=\u00bb.vc_custom_1549881773861{background-color: #ffffff !important;}\u00bb][vc_column_text]<\/p>\n<h2 style=\"text-align: center;\"><span style=\"color: #ae1b34;\"><strong>N |\u00a020<\/strong><\/span><\/h2>\n<p>[\/vc_column_text][vc_column_text]<\/p>\n<p style=\"text-align: center;\"><a href=\"http:\/\/www.bandit.cat\" target=\"_blank\" rel=\"noopener noreferrer\"><strong>BANDIT<br \/>\n<\/strong><\/a>Business and IT<\/p>\n<p>[\/vc_column_text][\/vc_column][\/vc_row][vc_row][vc_column][vc_empty_space height=\u00bb50px\u00bb][\/vc_column][\/vc_row][vc_row bg_type=\u00bbbg_color\u00bb bg_override=\u00bbfull\u00bb bg_color_value=\u00bb#ae1b34&#8243;][vc_column][vc_empty_space height=\u00bb50px\u00bb][\/vc_column][vc_column width=\u00bb1\/3&#8243;][vc_column_text el_class=\u00bb.grana\u00bb]<\/p>\n<h2><span style=\"color: #000000;\">Te interesan nuestros espacios?<\/span><\/h2>\n<p class=\"p1\">Si es as\u00ed, ponte en contacto con nosotros y hablamos.<\/p>\n<p>[\/vc_column_text][\/vc_column][vc_column width=\u00bb2\/3&#8243; css=\u00bb.vc_custom_1511787295614{margin-left: 25px !important;}\u00bb]\n<div class=\"wpcf7 no-js\" id=\"wpcf7-f743-o1\" lang=\"ca\" dir=\"ltr\" data-wpcf7-id=\"743\">\n<div class=\"screen-reader-response\"><p role=\"status\" aria-live=\"polite\" aria-atomic=\"true\"><\/p> <ul><\/ul><\/div>\n<form action=\"\/es\/wp-json\/wp\/v2\/pages\/550#wpcf7-f743-o1\" method=\"post\" class=\"wpcf7-form init\" aria-label=\"Formulari de contacte\" novalidate=\"novalidate\" data-status=\"init\">\n<fieldset class=\"hidden-fields-container\"><input type=\"hidden\" name=\"_wpcf7\" value=\"743\" \/><input type=\"hidden\" name=\"_wpcf7_version\" value=\"6.1.3\" \/><input type=\"hidden\" name=\"_wpcf7_locale\" value=\"ca\" \/><input type=\"hidden\" name=\"_wpcf7_unit_tag\" value=\"wpcf7-f743-o1\" \/><input type=\"hidden\" name=\"_wpcf7_container_post\" value=\"0\" \/><input type=\"hidden\" name=\"_wpcf7_posted_data_hash\" value=\"\" \/><input type=\"hidden\" name=\"_wpcf7_recaptcha_response\" value=\"\" \/>\n<\/fieldset>\n<div class=\"form-fields\">\n\t<p><span class=\"form-name\"><label class=\"assistive-text\">Nombre *<\/label><span class=\"wpcf7-form-control-wrap\" data-name=\"nom\"><input size=\"40\" maxlength=\"400\" class=\"wpcf7-form-control wpcf7-text wpcf7-validates-as-required\" aria-required=\"true\" aria-invalid=\"false\" placeholder=\"Nombre *\" value=\"\" type=\"text\" name=\"nom\" \/><\/span><\/span><span class=\"form-mail\"><label class=\"assistive-text\">E-mail *<\/label><span class=\"wpcf7-form-control-wrap\" data-name=\"email\"><input size=\"40\" maxlength=\"400\" class=\"wpcf7-form-control wpcf7-text wpcf7-validates-as-required\" aria-required=\"true\" aria-invalid=\"false\" placeholder=\"Correo-e *\" value=\"\" type=\"text\" name=\"email\" \/><\/span><\/span><span class=\"form-telephone\"><label class=\"assistive-text\">Tel\u00e9fono<\/label><span class=\"wpcf7-form-control-wrap\" data-name=\"telefon\"><input size=\"40\" maxlength=\"400\" class=\"wpcf7-form-control wpcf7-text wpcf7-validates-as-required\" aria-required=\"true\" aria-invalid=\"false\" placeholder=\"Tel\u00e9fono *\" value=\"\" type=\"text\" name=\"telefon\" \/><\/span> <\/span>\n\t<\/p>\n<\/div>\n<p><span class=\"form-message\"><label class=\"assistive-text\">Mensaje *<\/label><span class=\"wpcf7-form-control-wrap\" data-name=\"missatge\"><textarea cols=\"1\" rows=\"2\" maxlength=\"2000\" class=\"wpcf7-form-control wpcf7-textarea wpcf7-validates-as-required\" aria-required=\"true\" aria-invalid=\"false\" placeholder=\"Mensaje *\" name=\"missatge\"><\/textarea><\/span><\/span>\n<\/p>\n<p>\n\n<\/p>\n<p><input class=\"wpcf7-form-control wpcf7-submit has-spinner\" type=\"submit\" value=\"Envia\" \/>\n<\/p><div class=\"wpcf7-response-output\" aria-hidden=\"true\"><\/div>\n<\/form>\n<\/div>\n[\/vc_column][vc_column][vc_empty_space height=\u00bb50px\u00bb][vc_empty_space height=\u00bb50px\u00bb][\/vc_column][\/vc_row]<\/p>\n<\/div>","protected":false},"excerpt":{"rendered":"<p>[vc_row][vc_column][vc_empty_space height=\u00bb50px\u00bb][vc_column_text] Bienvenidos a CONCENTRE [\/vc_column_text][vc_empty_space height=\u00bb50px\u00bb][\/vc_column][\/vc_row][vc_row][vc_column width=\u00bb2\/3&#8243;][vc_column_text] Aqu\u00ed podr\u00e1s hacer realidad tu proyecto, ver como se convierte en negocio y hacerlo crecer hasta donde t\u00fa quieras. T\u00fa pones las ideas. Nosotros ponemos el espacio y todo lo que puedas necesitar. [\/vc_column_text][\/vc_column][vc_column width=\u00bb1\/3&#8243;][\/vc_column][\/vc_row][vc_row][vc_column][vc_empty_space height=\u00bb50px\u00bb][\/vc_column][\/vc_row][vc_row][vc_column width=\u00bb1\/3&#8243;][vc_column_text el_class=\u00bb.grana\u00bb] CONCENTRE [\/vc_column_text][\/vc_column][vc_column width=\u00bb2\/3&#8243;][vc_column_text] Concentre es el nuevo centro de&hellip;<\/p>\n","protected":false},"author":1,"featured_media":0,"parent":0,"menu_order":3,"comment_status":"closed","ping_status":"closed","template":"template-microsite.php","meta":{"footnotes":""},"class_list":["post-550","page","type-page","status-publish","hentry","description-off"],"yoast_head":"<!-- This site is optimized with the Yoast SEO plugin v26.3 - https:\/\/yoast.com\/wordpress\/plugins\/seo\/ -->\n<title>Centro de Negocios en el Vall\u00e8s con oficinas en alquiler - Concentre<\/title>\n<meta name=\"description\" content=\"Centro de Negocios en el Vall\u00e8s, con oficinas y salas de reuniones en alquiler, equipadas para la peque\u00f1a y mediana empresa, profesionales liberales y aut\u00f3nomos\" \/>\n<meta name=\"robots\" content=\"index, follow, max-snippet:-1, max-image-preview:large, max-video-preview:-1\" \/>\n<link rel=\"canonical\" href=\"https:\/\/concentre.cat\/es\/centro-de-negocios-en-el-valles\/\" \/>\n<meta property=\"og:locale\" content=\"es_ES\" \/>\n<meta property=\"og:type\" content=\"article\" \/>\n<meta property=\"og:title\" content=\"Centro de Negocios en el Vall\u00e8s con oficinas en alquiler - Concentre\" \/>\n<meta property=\"og:description\" content=\"Centro de Negocios en el Vall\u00e8s, con oficinas y salas de reuniones en alquiler, equipadas para la peque\u00f1a y mediana empresa, profesionales liberales y aut\u00f3nomos\" \/>\n<meta property=\"og:url\" content=\"https:\/\/concentre.cat\/es\/centro-de-negocios-en-el-valles\/\" \/>\n<meta property=\"og:site_name\" content=\"Concentre\" \/>\n<meta property=\"article:modified_time\" content=\"2025-11-17T14:51:44+00:00\" \/>\n<meta name=\"twitter:card\" content=\"summary_large_image\" \/>\n<meta name=\"twitter:label1\" content=\"Tiempo de lectura\" \/>\n\t<meta name=\"twitter:data1\" content=\"4 minutos\" \/>\n<script type=\"application\/ld+json\" class=\"yoast-schema-graph\">{\"@context\":\"https:\/\/schema.org\",\"@graph\":[{\"@type\":\"WebPage\",\"@id\":\"https:\/\/concentre.cat\/es\/centro-de-negocios-en-el-valles\/\",\"url\":\"https:\/\/concentre.cat\/es\/centro-de-negocios-en-el-valles\/\",\"name\":\"Centro de Negocios en el Vall\u00e8s con oficinas en alquiler - Concentre\",\"isPartOf\":{\"@id\":\"https:\/\/concentre.cat\/#website\"},\"datePublished\":\"2018-02-22T09:54:31+00:00\",\"dateModified\":\"2025-11-17T14:51:44+00:00\",\"description\":\"Centro de Negocios en el Vall\u00e8s, con oficinas y salas de reuniones en alquiler, equipadas para la peque\u00f1a y mediana empresa, profesionales liberales y aut\u00f3nomos\",\"breadcrumb\":{\"@id\":\"https:\/\/concentre.cat\/es\/centro-de-negocios-en-el-valles\/#breadcrumb\"},\"inLanguage\":\"es\",\"potentialAction\":[{\"@type\":\"ReadAction\",\"target\":[\"https:\/\/concentre.cat\/es\/centro-de-negocios-en-el-valles\/\"]}]},{\"@type\":\"BreadcrumbList\",\"@id\":\"https:\/\/concentre.cat\/es\/centro-de-negocios-en-el-valles\/#breadcrumb\",\"itemListElement\":[{\"@type\":\"ListItem\",\"position\":1,\"name\":\"Inici\",\"item\":\"https:\/\/concentre.cat\/es\/\"},{\"@type\":\"ListItem\",\"position\":2,\"name\":\"Centro de Negocios en el Vall\u00e8s\"}]},{\"@type\":\"WebSite\",\"@id\":\"https:\/\/concentre.cat\/#website\",\"url\":\"https:\/\/concentre.cat\/\",\"name\":\"Concentre\",\"description\":\"Centre de negocis al Vall\u00e8s - Lloguer d&#039;oficines i sales de reunions\",\"publisher\":{\"@id\":\"https:\/\/concentre.cat\/#organization\"},\"potentialAction\":[{\"@type\":\"SearchAction\",\"target\":{\"@type\":\"EntryPoint\",\"urlTemplate\":\"https:\/\/concentre.cat\/?s={search_term_string}\"},\"query-input\":{\"@type\":\"PropertyValueSpecification\",\"valueRequired\":true,\"valueName\":\"search_term_string\"}}],\"inLanguage\":\"es\"},{\"@type\":\"Organization\",\"@id\":\"https:\/\/concentre.cat\/#organization\",\"name\":\"Concentre - Centre de negocis al Vall\u00e8s\",\"url\":\"https:\/\/concentre.cat\/\",\"logo\":{\"@type\":\"ImageObject\",\"inLanguage\":\"es\",\"@id\":\"https:\/\/concentre.cat\/#\/schema\/logo\/image\/\",\"url\":\"https:\/\/concentre.cat\/wp-content\/uploads\/2017\/06\/Concentre_logo.png\",\"contentUrl\":\"https:\/\/concentre.cat\/wp-content\/uploads\/2017\/06\/Concentre_logo.png\",\"width\":860,\"height\":106,\"caption\":\"Concentre - Centre de negocis al Vall\u00e8s\"},\"image\":{\"@id\":\"https:\/\/concentre.cat\/#\/schema\/logo\/image\/\"}}]}<\/script>\n<!-- \/ Yoast SEO plugin. -->","yoast_head_json":{"title":"Centro de Negocios en el Vall\u00e8s con oficinas en alquiler - Concentre","description":"Centro de Negocios en el Vall\u00e8s, con oficinas y salas de reuniones en alquiler, equipadas para la peque\u00f1a y mediana empresa, profesionales liberales y aut\u00f3nomos","robots":{"index":"index","follow":"follow","max-snippet":"max-snippet:-1","max-image-preview":"max-image-preview:large","max-video-preview":"max-video-preview:-1"},"canonical":"https:\/\/concentre.cat\/es\/centro-de-negocios-en-el-valles\/","og_locale":"es_ES","og_type":"article","og_title":"Centro de Negocios en el Vall\u00e8s con oficinas en alquiler - Concentre","og_description":"Centro de Negocios en el Vall\u00e8s, con oficinas y salas de reuniones en alquiler, equipadas para la peque\u00f1a y mediana empresa, profesionales liberales y aut\u00f3nomos","og_url":"https:\/\/concentre.cat\/es\/centro-de-negocios-en-el-valles\/","og_site_name":"Concentre","article_modified_time":"2025-11-17T14:51:44+00:00","twitter_card":"summary_large_image","twitter_misc":{"Tiempo de lectura":"4 minutos"},"schema":{"@context":"https:\/\/schema.org","@graph":[{"@type":"WebPage","@id":"https:\/\/concentre.cat\/es\/centro-de-negocios-en-el-valles\/","url":"https:\/\/concentre.cat\/es\/centro-de-negocios-en-el-valles\/","name":"Centro de Negocios en el Vall\u00e8s con oficinas en alquiler - Concentre","isPartOf":{"@id":"https:\/\/concentre.cat\/#website"},"datePublished":"2018-02-22T09:54:31+00:00","dateModified":"2025-11-17T14:51:44+00:00","description":"Centro de Negocios en el Vall\u00e8s, con oficinas y salas de reuniones en alquiler, equipadas para la peque\u00f1a y mediana empresa, profesionales liberales y aut\u00f3nomos","breadcrumb":{"@id":"https:\/\/concentre.cat\/es\/centro-de-negocios-en-el-valles\/#breadcrumb"},"inLanguage":"es","potentialAction":[{"@type":"ReadAction","target":["https:\/\/concentre.cat\/es\/centro-de-negocios-en-el-valles\/"]}]},{"@type":"BreadcrumbList","@id":"https:\/\/concentre.cat\/es\/centro-de-negocios-en-el-valles\/#breadcrumb","itemListElement":[{"@type":"ListItem","position":1,"name":"Inici","item":"https:\/\/concentre.cat\/es\/"},{"@type":"ListItem","position":2,"name":"Centro de Negocios en el Vall\u00e8s"}]},{"@type":"WebSite","@id":"https:\/\/concentre.cat\/#website","url":"https:\/\/concentre.cat\/","name":"Concentre","description":"Centre de negocis al Vall\u00e8s - Lloguer d&#039;oficines i sales de reunions","publisher":{"@id":"https:\/\/concentre.cat\/#organization"},"potentialAction":[{"@type":"SearchAction","target":{"@type":"EntryPoint","urlTemplate":"https:\/\/concentre.cat\/?s={search_term_string}"},"query-input":{"@type":"PropertyValueSpecification","valueRequired":true,"valueName":"search_term_string"}}],"inLanguage":"es"},{"@type":"Organization","@id":"https:\/\/concentre.cat\/#organization","name":"Concentre - Centre de negocis al Vall\u00e8s","url":"https:\/\/concentre.cat\/","logo":{"@type":"ImageObject","inLanguage":"es","@id":"https:\/\/concentre.cat\/#\/schema\/logo\/image\/","url":"https:\/\/concentre.cat\/wp-content\/uploads\/2017\/06\/Concentre_logo.png","contentUrl":"https:\/\/concentre.cat\/wp-content\/uploads\/2017\/06\/Concentre_logo.png","width":860,"height":106,"caption":"Concentre - Centre de negocis al Vall\u00e8s"},"image":{"@id":"https:\/\/concentre.cat\/#\/schema\/logo\/image\/"}}]}},"_links":{"self":[{"href":"https:\/\/concentre.cat\/es\/wp-json\/wp\/v2\/pages\/550","targetHints":{"allow":["GET"]}}],"collection":[{"href":"https:\/\/concentre.cat\/es\/wp-json\/wp\/v2\/pages"}],"about":[{"href":"https:\/\/concentre.cat\/es\/wp-json\/wp\/v2\/types\/page"}],"author":[{"embeddable":true,"href":"https:\/\/concentre.cat\/es\/wp-json\/wp\/v2\/users\/1"}],"replies":[{"embeddable":true,"href":"https:\/\/concentre.cat\/es\/wp-json\/wp\/v2\/comments?post=550"}],"version-history":[{"count":38,"href":"https:\/\/concentre.cat\/es\/wp-json\/wp\/v2\/pages\/550\/revisions"}],"predecessor-version":[{"id":1007,"href":"https:\/\/concentre.cat\/es\/wp-json\/wp\/v2\/pages\/550\/revisions\/1007"}],"wp:attachment":[{"href":"https:\/\/concentre.cat\/es\/wp-json\/wp\/v2\/media?parent=550"}],"curies":[{"name":"wp","href":"https:\/\/api.w.org\/{rel}","templated":true}]}}