{"id":547,"date":"2017-11-09T16:14:47","date_gmt":"2017-11-09T15:14:47","guid":{"rendered":"https:\/\/concentre.cat\/inici\/"},"modified":"2021-04-12T15:03:32","modified_gmt":"2021-04-12T14:03:32","slug":"inicio","status":"publish","type":"page","link":"https:\/\/concentre.cat\/es\/","title":{"rendered":"Inicio"},"content":{"rendered":"<div class=\"wpb-content-wrapper\"><p>[vc_row][vc_column][vc_empty_space height=\u00bb50px\u00bb][vc_column_text]<\/p>\n<h1 style=\"text-align: center;\">\u00a1Bienvenidos!<\/h1>\n<p>[\/vc_column_text][vc_empty_space height=\u00bb50px\u00bb][\/vc_column][\/vc_row][vc_row][vc_column width=\u00bb1\/3&#8243;][vc_column_text]<\/p>\n<h2><a href=\"https:\/\/concentre.cat\/es\/centro-de-negocios-en-el-valles\/?lang=es\">CONCENTRE<br \/>\n<\/a><br \/>\n<a href=\"https:\/\/concentre.cat\/es\/centro-de-negocios-en-el-valles\/?lang=es\">Descubre el nuevo Centro de Negocios en el Vall\u00e8s<\/a><br \/>\n<a href=\"https:\/\/concentre.cat\/es\/centro-de-negocios-en-el-valles\/?lang=es\">&gt;&gt;<\/a><\/h2>\n<p>[\/vc_column_text][\/vc_column][vc_column width=\u00bb2\/3&#8243;][vc_single_image image=\u00bb634&#8243; img_size=\u00bbfull\u00bb onclick=\u00bbcustom_link\u00bb image_hovers=\u00bbfalse\u00bb link=\u00bbhttps:\/\/concentre.cat\/centro-de-negocios-en-el-valles\/?lang=es\u00bb][\/vc_column][\/vc_row][vc_row][vc_column][vc_empty_space height=\u00bb50px\u00bb][\/vc_column][\/vc_row][vc_row][vc_column width=\u00bb1\/3&#8243;][vc_column_text]<\/p>\n<h2><a href=\"https:\/\/concentre.cat\/es\/oficinas-en-alquiler\/?lang=es\">OFICINAS<\/a><\/h2>\n<h2><a href=\"https:\/\/concentre.cat\/es\/oficinas-en-alquiler\/?lang=es\">Despachos equipados en\u00a0alquiler<\/a><br \/>\n<a href=\"https:\/\/concentre.cat\/es\/oficinas-en-alquiler\/?lang=es\">&gt;&gt;<\/a><\/h2>\n<p>[\/vc_column_text][\/vc_column][vc_column width=\u00bb2\/3&#8243;][vc_single_image image=\u00bb380&#8243; img_size=\u00bbfull\u00bb onclick=\u00bbcustom_link\u00bb image_hovers=\u00bbfalse\u00bb link=\u00bbhttps:\/\/concentre.cat\/oficinas-en-alquiler\/?lang=es\u00bb][\/vc_column][\/vc_row][vc_row][vc_column][vc_empty_space height=\u00bb50px\u00bb][\/vc_column][\/vc_row][vc_row][vc_column width=\u00bb1\/3&#8243;][vc_column_text]<\/p>\n<h2><a href=\"https:\/\/concentre.cat\/es\/salas-de-reuniones-en-alquiler\/?lang=es\">SALAS DE REUNIONES<br \/>\n<\/a><br \/>\n<a href=\"https:\/\/concentre.cat\/es\/salas-de-reuniones-en-alquiler\/?lang=es\">Salas equipadas en alquiler por horas<\/a><br \/>\n<a href=\"https:\/\/concentre.cat\/es\/salas-de-reuniones-en-alquiler\/?lang=es\">&gt;&gt;<\/a><\/h2>\n<p>[\/vc_column_text][\/vc_column][vc_column width=\u00bb2\/3&#8243;][vc_single_image image=\u00bb426&#8243; img_size=\u00bbfull\u00bb onclick=\u00bbcustom_link\u00bb image_hovers=\u00bbfalse\u00bb link=\u00bbhttps:\/\/concentre.cat\/salas-de-reuniones-en-alquiler\/?lang=es\u00bb][\/vc_column][\/vc_row][vc_row][vc_column][vc_empty_space height=\u00bb50px\u00bb][\/vc_column][\/vc_row][vc_row disable_element=\u00bbyes\u00bb][vc_column width=\u00bb1\/3&#8243;][vc_column_text]<\/p>\n<h2><a href=\"https:\/\/concentre.cat\/es\/?page_id=566&#038;lang=es\">AUDITORIO &amp; SALA DE CONFERENCIAS<br \/>\n<\/a><br \/>\n<a href=\"https:\/\/concentre.cat\/es\/?page_id=566&#038;lang=es\">Auditorio de gran capacidad\u00a0en alquiler por horas<\/a><br \/>\n<a href=\"https:\/\/concentre.cat\/es\/?page_id=566&#038;lang=es\">&gt;&gt;<\/a><\/h2>\n<p>[\/vc_column_text][\/vc_column][vc_column width=\u00bb2\/3&#8243;][vc_single_image image=\u00bb620&#8243; img_size=\u00bbfull\u00bb onclick=\u00bbcustom_link\u00bb image_hovers=\u00bbfalse\u00bb link=\u00bbhttps:\/\/concentre.cat\/auditorio-en-alquiler\/?lang=es\u00bb][\/vc_column][\/vc_row][vc_row disable_element=\u00bbyes\u00bb][vc_column][vc_empty_space height=\u00bb50px\u00bb][\/vc_column][\/vc_row][vc_row bg_type=\u00bbbg_color\u00bb bg_override=\u00bbfull\u00bb bg_color_value=\u00bb#ae1b34&#8243;][vc_column][vc_empty_space height=\u00bb50px\u00bb][\/vc_column][vc_column width=\u00bb1\/3&#8243;][vc_column_text]<\/p>\n<h2><span style=\"color: #000000;\">Servicios<\/span><\/h2>\n<p>[\/vc_column_text][\/vc_column][vc_column width=\u00bb1\/3&#8243;][vc_column_text]<\/p>\n<h2><span style=\"color: #ffffff;\">Abierto 365 \/ 7 \/ 24<\/span><\/h2>\n<p>&nbsp;<\/p>\n<h2><span style=\"color: #ffffff;\">Oficinas equipadas<\/span><\/h2>\n<p>&nbsp;<\/p>\n<h2><span style=\"color: #ffffff;\">Salas de reuniones<\/span><\/h2>\n<p>&nbsp;<\/p>\n<h2><span style=\"color: #ffffff;\">Internet &amp; Wifi de alta velocidad<\/span><\/h2>\n<p>&nbsp;<\/p>\n<h2><span style=\"color: #ffffff;\">Servicios incluidos<\/span><\/h2>\n<p>&nbsp;<\/p>\n<h2><span style=\"color: #ffffff;\">Cocina office<\/span><\/h2>\n<p>[\/vc_column_text][\/vc_column][vc_column width=\u00bb1\/3&#8243;][vc_column_text]<\/p>\n<h2><span style=\"color: #ffffff;\">Instalaciones accesibles<\/span><\/h2>\n<p>&nbsp;<\/p>\n<h2><span style=\"color: #ffffff;\">Facilidad de aparcamiento<\/span><\/h2>\n<p>&nbsp;<\/p>\n<h2><span style=\"color: #ffffff;\">Zona comercial<\/span><\/h2>\n<p>&nbsp;<\/p>\n<h2><span style=\"color: #ffffff;\">Zona de relax<\/span><\/h2>\n<p>&nbsp;<\/p>\n<h2><span style=\"color: #ffffff;\">Impresi\u00f3n &amp; Copia<\/span><\/h2>\n<p>[\/vc_column_text][\/vc_column][vc_column][vc_empty_space height=\u00bb50px\u00bb][vc_empty_space height=\u00bb50px\u00bb][\/vc_column][\/vc_row]<\/p>\n<\/div>","protected":false},"excerpt":{"rendered":"<p>[vc_row][vc_column][vc_empty_space height=\u00bb50px\u00bb][vc_column_text] \u00a1Bienvenidos! [\/vc_column_text][vc_empty_space height=\u00bb50px\u00bb][\/vc_column][\/vc_row][vc_row][vc_column width=\u00bb1\/3&#8243;][vc_column_text] CONCENTRE Descubre el nuevo Centro de Negocios en el Vall\u00e8s &gt;&gt; [\/vc_column_text][\/vc_column][vc_column width=\u00bb2\/3&#8243;][vc_single_image image=\u00bb634&#8243; img_size=\u00bbfull\u00bb onclick=\u00bbcustom_link\u00bb image_hovers=\u00bbfalse\u00bb link=\u00bbhttps:\/\/concentre.cat\/centro-de-negocios-en-el-valles\/?lang=es\u00bb][\/vc_column][\/vc_row][vc_row][vc_column][vc_empty_space height=\u00bb50px\u00bb][\/vc_column][\/vc_row][vc_row][vc_column width=\u00bb1\/3&#8243;][vc_column_text] OFICINAS Despachos equipados en\u00a0alquiler &gt;&gt; [\/vc_column_text][\/vc_column][vc_column width=\u00bb2\/3&#8243;][vc_single_image image=\u00bb380&#8243; img_size=\u00bbfull\u00bb onclick=\u00bbcustom_link\u00bb image_hovers=\u00bbfalse\u00bb link=\u00bbhttps:\/\/concentre.cat\/oficinas-en-alquiler\/?lang=es\u00bb][\/vc_column][\/vc_row][vc_row][vc_column][vc_empty_space height=\u00bb50px\u00bb][\/vc_column][\/vc_row][vc_row][vc_column width=\u00bb1\/3&#8243;][vc_column_text] SALAS DE REUNIONES Salas equipadas en alquiler por horas &gt;&gt; [\/vc_column_text][\/vc_column][vc_column width=\u00bb2\/3&#8243;][vc_single_image image=\u00bb426&#8243; img_size=\u00bbfull\u00bb onclick=\u00bbcustom_link\u00bb&hellip;<\/p>\n","protected":false},"author":1,"featured_media":0,"parent":0,"menu_order":2,"comment_status":"closed","ping_status":"closed","template":"template-microsite.php","meta":{"footnotes":""},"class_list":["post-547","page","type-page","status-publish","hentry","description-off"],"yoast_head":"<!-- This site is optimized with the Yoast SEO plugin v26.3 - https:\/\/yoast.com\/wordpress\/plugins\/seo\/ -->\n<title>Alquiler oficinas, salas de reuniones y auditorio en el Vall\u00e8s - Concentre<\/title>\n<meta name=\"description\" content=\"Alquiler de Oficinas y Salas de reuniones para peque\u00f1a y mediana empresa, profesionales liberales y aut\u00f3nomos. Precios asequibles en el centro del Vall\u00e8s\" \/>\n<meta name=\"robots\" content=\"index, follow, max-snippet:-1, max-image-preview:large, max-video-preview:-1\" \/>\n<link rel=\"canonical\" href=\"https:\/\/concentre.cat\/es\/\" \/>\n<meta property=\"og:locale\" content=\"es_ES\" \/>\n<meta property=\"og:type\" content=\"article\" \/>\n<meta property=\"og:title\" content=\"Alquiler oficinas, salas de reuniones y auditorio en el Vall\u00e8s - Concentre\" \/>\n<meta property=\"og:description\" content=\"Alquiler de Oficinas y Salas de reuniones para peque\u00f1a y mediana empresa, profesionales liberales y aut\u00f3nomos. Precios asequibles en el centro del Vall\u00e8s\" \/>\n<meta property=\"og:url\" content=\"https:\/\/concentre.cat\/es\/\" \/>\n<meta property=\"og:site_name\" content=\"Concentre\" \/>\n<meta property=\"article:modified_time\" content=\"2021-04-12T14:03:32+00:00\" \/>\n<meta name=\"twitter:card\" content=\"summary_large_image\" \/>\n<meta name=\"twitter:label1\" content=\"Tiempo de lectura\" \/>\n\t<meta name=\"twitter:data1\" content=\"1 minuto\" \/>\n<script type=\"application\/ld+json\" class=\"yoast-schema-graph\">{\"@context\":\"https:\/\/schema.org\",\"@graph\":[{\"@type\":\"WebPage\",\"@id\":\"https:\/\/concentre.cat\/es\/\",\"url\":\"https:\/\/concentre.cat\/es\/\",\"name\":\"Alquiler oficinas, salas de reuniones y auditorio en el Vall\u00e8s - Concentre\",\"isPartOf\":{\"@id\":\"https:\/\/concentre.cat\/#website\"},\"datePublished\":\"2017-11-09T15:14:47+00:00\",\"dateModified\":\"2021-04-12T14:03:32+00:00\",\"description\":\"Alquiler de Oficinas y Salas de reuniones para peque\u00f1a y mediana empresa, profesionales liberales y aut\u00f3nomos. Precios asequibles en el centro del Vall\u00e8s\",\"breadcrumb\":{\"@id\":\"https:\/\/concentre.cat\/es\/#breadcrumb\"},\"inLanguage\":\"es\",\"potentialAction\":[{\"@type\":\"ReadAction\",\"target\":[\"https:\/\/concentre.cat\/es\/\"]}]},{\"@type\":\"BreadcrumbList\",\"@id\":\"https:\/\/concentre.cat\/es\/#breadcrumb\",\"itemListElement\":[{\"@type\":\"ListItem\",\"position\":1,\"name\":\"Inici\",\"item\":\"https:\/\/concentre.cat\/es\/\"},{\"@type\":\"ListItem\",\"position\":2,\"name\":\"Inicio\"}]},{\"@type\":\"WebSite\",\"@id\":\"https:\/\/concentre.cat\/#website\",\"url\":\"https:\/\/concentre.cat\/\",\"name\":\"Concentre\",\"description\":\"Centre de negocis al Vall\u00e8s - Lloguer d&#039;oficines i sales de reunions\",\"publisher\":{\"@id\":\"https:\/\/concentre.cat\/#organization\"},\"potentialAction\":[{\"@type\":\"SearchAction\",\"target\":{\"@type\":\"EntryPoint\",\"urlTemplate\":\"https:\/\/concentre.cat\/?s={search_term_string}\"},\"query-input\":{\"@type\":\"PropertyValueSpecification\",\"valueRequired\":true,\"valueName\":\"search_term_string\"}}],\"inLanguage\":\"es\"},{\"@type\":\"Organization\",\"@id\":\"https:\/\/concentre.cat\/#organization\",\"name\":\"Concentre - Centre de negocis al Vall\u00e8s\",\"url\":\"https:\/\/concentre.cat\/\",\"logo\":{\"@type\":\"ImageObject\",\"inLanguage\":\"es\",\"@id\":\"https:\/\/concentre.cat\/#\/schema\/logo\/image\/\",\"url\":\"https:\/\/concentre.cat\/wp-content\/uploads\/2017\/06\/Concentre_logo.png\",\"contentUrl\":\"https:\/\/concentre.cat\/wp-content\/uploads\/2017\/06\/Concentre_logo.png\",\"width\":860,\"height\":106,\"caption\":\"Concentre - Centre de negocis al Vall\u00e8s\"},\"image\":{\"@id\":\"https:\/\/concentre.cat\/#\/schema\/logo\/image\/\"}}]}<\/script>\n<!-- \/ Yoast SEO plugin. -->","yoast_head_json":{"title":"Alquiler oficinas, salas de reuniones y auditorio en el Vall\u00e8s - Concentre","description":"Alquiler de Oficinas y Salas de reuniones para peque\u00f1a y mediana empresa, profesionales liberales y aut\u00f3nomos. Precios asequibles en el centro del Vall\u00e8s","robots":{"index":"index","follow":"follow","max-snippet":"max-snippet:-1","max-image-preview":"max-image-preview:large","max-video-preview":"max-video-preview:-1"},"canonical":"https:\/\/concentre.cat\/es\/","og_locale":"es_ES","og_type":"article","og_title":"Alquiler oficinas, salas de reuniones y auditorio en el Vall\u00e8s - Concentre","og_description":"Alquiler de Oficinas y Salas de reuniones para peque\u00f1a y mediana empresa, profesionales liberales y aut\u00f3nomos. Precios asequibles en el centro del Vall\u00e8s","og_url":"https:\/\/concentre.cat\/es\/","og_site_name":"Concentre","article_modified_time":"2021-04-12T14:03:32+00:00","twitter_card":"summary_large_image","twitter_misc":{"Tiempo de lectura":"1 minuto"},"schema":{"@context":"https:\/\/schema.org","@graph":[{"@type":"WebPage","@id":"https:\/\/concentre.cat\/es\/","url":"https:\/\/concentre.cat\/es\/","name":"Alquiler oficinas, salas de reuniones y auditorio en el Vall\u00e8s - Concentre","isPartOf":{"@id":"https:\/\/concentre.cat\/#website"},"datePublished":"2017-11-09T15:14:47+00:00","dateModified":"2021-04-12T14:03:32+00:00","description":"Alquiler de Oficinas y Salas de reuniones para peque\u00f1a y mediana empresa, profesionales liberales y aut\u00f3nomos. Precios asequibles en el centro del Vall\u00e8s","breadcrumb":{"@id":"https:\/\/concentre.cat\/es\/#breadcrumb"},"inLanguage":"es","potentialAction":[{"@type":"ReadAction","target":["https:\/\/concentre.cat\/es\/"]}]},{"@type":"BreadcrumbList","@id":"https:\/\/concentre.cat\/es\/#breadcrumb","itemListElement":[{"@type":"ListItem","position":1,"name":"Inici","item":"https:\/\/concentre.cat\/es\/"},{"@type":"ListItem","position":2,"name":"Inicio"}]},{"@type":"WebSite","@id":"https:\/\/concentre.cat\/#website","url":"https:\/\/concentre.cat\/","name":"Concentre","description":"Centre de negocis al Vall\u00e8s - Lloguer d&#039;oficines i sales de reunions","publisher":{"@id":"https:\/\/concentre.cat\/#organization"},"potentialAction":[{"@type":"SearchAction","target":{"@type":"EntryPoint","urlTemplate":"https:\/\/concentre.cat\/?s={search_term_string}"},"query-input":{"@type":"PropertyValueSpecification","valueRequired":true,"valueName":"search_term_string"}}],"inLanguage":"es"},{"@type":"Organization","@id":"https:\/\/concentre.cat\/#organization","name":"Concentre - Centre de negocis al Vall\u00e8s","url":"https:\/\/concentre.cat\/","logo":{"@type":"ImageObject","inLanguage":"es","@id":"https:\/\/concentre.cat\/#\/schema\/logo\/image\/","url":"https:\/\/concentre.cat\/wp-content\/uploads\/2017\/06\/Concentre_logo.png","contentUrl":"https:\/\/concentre.cat\/wp-content\/uploads\/2017\/06\/Concentre_logo.png","width":860,"height":106,"caption":"Concentre - Centre de negocis al Vall\u00e8s"},"image":{"@id":"https:\/\/concentre.cat\/#\/schema\/logo\/image\/"}}]}},"_links":{"self":[{"href":"https:\/\/concentre.cat\/es\/wp-json\/wp\/v2\/pages\/547","targetHints":{"allow":["GET"]}}],"collection":[{"href":"https:\/\/concentre.cat\/es\/wp-json\/wp\/v2\/pages"}],"about":[{"href":"https:\/\/concentre.cat\/es\/wp-json\/wp\/v2\/types\/page"}],"author":[{"embeddable":true,"href":"https:\/\/concentre.cat\/es\/wp-json\/wp\/v2\/users\/1"}],"replies":[{"embeddable":true,"href":"https:\/\/concentre.cat\/es\/wp-json\/wp\/v2\/comments?post=547"}],"version-history":[{"count":1,"href":"https:\/\/concentre.cat\/es\/wp-json\/wp\/v2\/pages\/547\/revisions"}],"predecessor-version":[{"id":827,"href":"https:\/\/concentre.cat\/es\/wp-json\/wp\/v2\/pages\/547\/revisions\/827"}],"wp:attachment":[{"href":"https:\/\/concentre.cat\/es\/wp-json\/wp\/v2\/media?parent=547"}],"curies":[{"name":"wp","href":"https:\/\/api.w.org\/{rel}","templated":true}]}}